{"id":387,"date":"2016-10-31T13:08:06","date_gmt":"2016-10-31T13:08:06","guid":{"rendered":"http:\/\/hispanisztikaszeged.hu\/?page_id=387"},"modified":"2016-10-31T13:12:51","modified_gmt":"2016-10-31T13:12:51","slug":"tanszekunk-tortenete","status":"publish","type":"page","link":"https:\/\/hispanisztikaszeged.hu\/?page_id=387","title":{"rendered":"Tansz\u00e9k\u00fcnk t\u00f6rt\u00e9nete"},"content":{"rendered":"<h4 style=\"text-align: justify;\"><\/h4>\n<p style=\"text-align: justify;\"><span style=\"color: #003366;\">A Hispanisztika Tansz\u00e9k 1993-ban j\u00f6tt l\u00e9tre Dr. Anderle \u00c1d\u00e1m t\u00f6rt\u00e9n\u00e9szprofesszor vezet\u00e9s\u00e9vel. Az alap\u00edt\u00f3 tagok k\u00f6z\u00f6tt tal\u00e1ljuk t\u00f6bbek k\u00f6z\u00f6tt Dr. T\u00f3th \u00c1gnest \u00e9s Dr. Dornbach M\u00e1ri\u00e1t. Amint a n\u00e9vv\u00e1laszt\u00e1s is jelezte, nem tipikus idegen nyelvi tansz\u00e9k j\u00f6tt l\u00e9tre: a megalakult egys\u00e9g tudom\u00e1nyos \u00e9s r\u00e9szben szem\u00e9lyi h\u00e1tter\u00e9t szegedi latin-amerikanista t\u00f6rt\u00e9n\u00e9szek ny\u00fajtott\u00e1k, ami j\u00f3 alapot jelentett a civiliz\u00e1ci\u00f3s t\u00e9m\u00e1kban is t\u00e1j\u00e9kozott hispanista filol\u00f3gusok \u00e9s nyelvtan\u00e1rok sz\u00ednvonalas k\u00e9pz\u00e9s\u00e9hez. A tansz\u00e9ket 15 \u00e9ven kereszt\u00fcl vezet\u0151 Anderle professzor \u00e9rdeme, hogy a k\u00fcl\u00f6nb\u00f6z\u0151 tudom\u00e1nyter\u00fcletek k\u00f6z\u00f6tt egyens\u00falyt teremtett, \u00e9s tudatosan haz\u00e1nkban egyedi profil\u00fa, t\u00e1rsadalomtudom\u00e1nyi alapokat is ny\u00fajt\u00f3 modern filol\u00f3gus- \u00e9s tan\u00e1rk\u00e9pz\u0151 egys\u00e9gg\u00e9 alak\u00edtotta a szegedi Hispanisztika Tansz\u00e9ket.<\/span><\/p>\n<p style=\"text-align: justify;\"><span style=\"color: #003366;\">A Hispanisztika Tansz\u00e9k nemcsak a spanyol nyelv \u00e9s irodalom szakos b\u00f6lcs\u00e9sz- \u00e9s tan\u00e1rk\u00e9pz\u00e9s, \u00e9s a hispanisztika minor szak gazd\u00e1ja lett, hanem szinte azonnal bekapcsol\u00f3dott a T\u00f6rt\u00e9nettudom\u00e1nyi Doktori Iskola munk\u00e1j\u00e1ba is. 1996-ban beindult a katal\u00e1n nyelv, irodalom \u00e9s kult\u00fara specializ\u00e1ci\u00f3s k\u00e9pz\u00e9s. 1999 \u00e9s 2002 k\u00f6z\u00f6tt a spanyol-magyar kapcsolatokkal foglalkoz\u00f3 Hispanisztika Kutat\u00f3csoport l\u00e9trehoz\u00e1s\u00e1val Tansz\u00e9k\u00fcnk az MTA t\u00e1mogatott kutat\u00f3helye volt.<\/span><\/p>\n<p style=\"text-align: justify;\"><span style=\"color: #003366;\">A k\u00e9tezres \u00e9vek elej\u00e9n a bolognai rendszer\u0171 k\u00e9pz\u00e9s bevezet\u00e9s\u00e9vel k\u00e9pz\u00e9seink \u00e1talakultak: 2006-ban megindult a romanisztika szak spanyol szakir\u00e1ny, vele p\u00e1rhuzamosan az 50 kredites spanyol minorszak, a t\u00e1rsadalomtudom\u00e1nyi ir\u00e1nyults\u00e1g\u00fa spanyol-amerikai tanulm\u00e1nyok \u00e9s meg\u00fajult katal\u00e1n specializ\u00e1ci\u00f3, majd 2009-ben a spanyol b\u00f6lcs\u00e9sz- \u00e9s tan\u00e1rszak mesterszint\u0171 k\u00e9pz\u00e9sei. 2007-ben v\u00e9glegesen l\u00e9trej\u00f6tt \u00f6n\u00e1ll\u00f3, saj\u00e1t katal\u00e1n lektor\u00e1tusunk, majd 2012-ben baszk lektor\u00e1tus is alakult tansz\u00e9k\u00fcnk\u00f6n. 2010-t\u0151l r\u00e9szt vesz\u00fcnk a Nyelvtudom\u00e1nyi Doktori Iskola munk\u00e1j\u00e1ban. A BTK Ford\u00edt\u00f3 \u00e9s Tolm\u00e1csk\u00e9pz\u0151 K\u00f6zpontj\u00e1val egy\u00fcttm\u0171k\u00f6dve 2013-ban bekapcsol\u00f3dtunk a ford\u00edt\u00f3 \u00e9s tolm\u00e1cs mesterszakos k\u00e9pz\u00e9sbe, valamint megindult tansz\u00e9k\u00fcnk\u00f6n a spanyol szakos osztatlan tan\u00e1rk\u00e9pz\u00e9s. Mindegyik k\u00e9pz\u00e9s\u00fcnk piack\u00e9pes elm\u00e9leti \u00e9s gyakorlati tud\u00e1st k\u00edn\u00e1l a r\u00e9sztvev\u0151k sz\u00e1m\u00e1ra. Az Amerikanisztika Tansz\u00e9kkel egy\u00fctt k\u00e9sz\u00edtett\u00fck el a r\u00e9g\u00f3ta tervezett Amerika-k\u00f6zi tanulm\u00e1nyok mesterszak akkredit\u00e1ci\u00f3s anyag\u00e1t, 2015 \u0151sz\u00e9n pedig a k\u00e9t tansz\u00e9k megalak\u00edtotta az Amerika-k\u00f6zi kutat\u00f3k\u00f6zpontot. Az egy\u00fcttm\u0171k\u00f6d\u00e9s eredm\u00e9nyek\u00e9nt t\u00f6bb kiadv\u00e1nyunk jelent meg az ut\u00f3bbi h\u00f3napokban, illetve k\u00e9sz\u00fcl\u00fcnk els\u0151 k\u00f6z\u00f6s nemzetk\u00f6zi konferenci\u00e1nkra, melyre 2017 november\u00e9ben fog sor ker\u00fclni.<\/span><\/p>\n<p style=\"text-align: justify;\"><span style=\"color: #003366;\">Az elm\u00falt k\u00e9t \u00e9vtized alatt t\u00f6bb mint 400 spanyol, vagy hispanisztika szakos hallgat\u00f3 v\u00e9dte meg n\u00e1lunk sikerrel szakdolgozat\u00e1t. Mintegy harminc\u00f6t hallgat\u00f3nk vett r\u00e9szt az orsz\u00e1gos tudom\u00e1nyos di\u00e1kk\u00f6ri versenyeken, akik k\u00f6z\u00fcl kilencen r\u00e9szes\u00fcltek helyez\u00e9sben vagy k\u00fcl\u00f6nd\u00edjban.<\/span><\/p>\n<p style=\"text-align: justify;\"><span style=\"color: #003366;\">A hisp\u00e1n vil\u00e1g t\u00f6rt\u00e9nete c\u00edm\u0171 doktori programon eddig 23-an szereztek doktori fokozatot. Kisebb volumen\u0171 k\u00e9pz\u00e9sink, a katal\u00e1n tanulm\u00e1nyok, valamint a spanyol-amerikai tanulm\u00e1nyok \u00e9s a spanyol minor \u00f6sszesen tov\u00e1bbi mintegy sz\u00e1z\u00f6tven hallgat\u00f3 sz\u00e1m\u00e1ra ny\u00fajtottak lehet\u0151s\u00e9get a hisp\u00e1n kult\u00fara valamely szegmens\u00e9nek m\u00e9lyebb megismer\u00e9s\u00e9re.<\/span><\/p>\n<p style=\"text-align: justify;\"><span style=\"color: #003366;\">A Tansz\u00e9k tudom\u00e1nyos aktivit\u00e1s\u00e1t \u00e9s eredm\u00e9nyess\u00e9g\u00e9t jelzik az oktat\u00f3ink \u00e1ltal publik\u00e1lt monografikus k\u00f6tetek \u00e9s a megrendezett nemzetk\u00f6zi konferenci\u00e1k. Tudom\u00e1nyos \u00e9vk\u00f6nyv\u00fcnk, az 1996-ban alap\u00edtott Acta Hispanica jelent\u0151s cserealapja a foly\u00f3irat-\u00e1llom\u00e1ny gyarap\u00edt\u00e1s\u00e1nak. T\u00edz p\u00e9nz\u00fcgyi t\u00e1mogat\u00e1sban r\u00e9szes\u00fclt sikeres kutat\u00e1si projekttel is b\u00fcszk\u00e9lkedhet\u00fcnk. Megeml\u00edtend\u0151, hogy k\u00f6z\u00fcl\u00fck a legt\u00f6bb, sz\u00e1m szerint 5, hagyom\u00e1nyainknak megfelel\u0151en t\u00e1rsadalomtudom\u00e1nyi t\u00e9m\u00e1j\u00fa volt, de 4 nyelv\u00e9szeti \u00e9s 1 irodalmi tematik\u00e1j\u00fa kutat\u00e1s mutatja er\u0151s\u00f6d\u00e9s\u00fcnket a filol\u00f3gia ter\u00fclet\u00e9n. Nemzetk\u00f6zi kapcsolatainkban nagy szerep jutott folyamatosan b\u0151v\u00fcl\u0151 Erasmus egyezm\u00e9nyeinknek. Jelenleg 8 spanyolorsz\u00e1gi, 2 olaszorsz\u00e1gi \u00e9s 1 lengyel egyetemmel van \u00e9rv\u00e9nyes egyezm\u00e9ny\u00fcnk. 2006 \u00f3ta egyetemk\u00f6zi egyezm\u00e9ny keret\u00e9ben r\u00e9szt vesz\u00fcnk az Alicantei Egyetem spanyoltan\u00e1ri mesterszakj\u00e1nak oktat\u00f3i munk\u00e1j\u00e1ban \u00e9s a tan\u00e1rjel\u00f6ltek szakmai gyakorlat\u00e1nak koordin\u00e1l\u00e1s\u00e1ban. Egyre szorosabb az egy\u00fcttm\u0171k\u00f6d\u00e9s\u00fcnk a k\u00f6rnyez\u0151 orsz\u00e1gok hispanista k\u00f6zpontjaival, melynek keret\u00e9t a CEEPUS programban tal\u00e1ltuk meg. Tansz\u00e9k\u00fcnk el\u0151ad\u00e1sok, szemin\u00e1riumok tart\u00e1s\u00e1val jelent\u0151s szerepet v\u00e1llal a 2011-ben a spanyolorsz\u00e1gi Huelva egyetem\u00e9n az Emberi Er\u0151forr\u00e1sok Miniszt\u00e9riuma t\u00e1mogat\u00e1s\u00e1val l\u00e9trej\u00f6tt Magyar Tanulm\u00e1nyok K\u00f6zpont m\u0171k\u00f6dtet\u00e9s\u00e9ben.<\/span><\/p>\n","protected":false},"excerpt":{"rendered":"<p>A Hispanisztika Tansz\u00e9k 1993-ban j\u00f6tt l\u00e9tre Dr. Anderle \u00c1d\u00e1m t\u00f6rt\u00e9n\u00e9szprofesszor vezet\u00e9s\u00e9vel. Az alap\u00edt\u00f3 tagok k\u00f6z\u00f6tt tal\u00e1ljuk t\u00f6bbek k\u00f6z\u00f6tt Dr. T\u00f3th \u00c1gnest \u00e9s Dr. Dornbach M\u00e1ri\u00e1t. Amint a n\u00e9vv\u00e1laszt\u00e1s is jelezte, nem tipikus idegen nyelvi tansz\u00e9k j\u00f6tt l\u00e9tre: a megalakult egys\u00e9g <a href=\"https:\/\/hispanisztikaszeged.hu\/?page_id=387\" class=\"read-more\">Read More &#8230;<\/a><\/p>\n","protected":false},"author":3,"featured_media":0,"parent":7,"menu_order":1,"comment_status":"closed","ping_status":"closed","template":"","meta":{"footnotes":""},"class_list":["post-387","page","type-page","status-publish","hentry"],"_links":{"self":[{"href":"https:\/\/hispanisztikaszeged.hu\/index.php?rest_route=\/wp\/v2\/pages\/387","targetHints":{"allow":["GET"]}}],"collection":[{"href":"https:\/\/hispanisztikaszeged.hu\/index.php?rest_route=\/wp\/v2\/pages"}],"about":[{"href":"https:\/\/hispanisztikaszeged.hu\/index.php?rest_route=\/wp\/v2\/types\/page"}],"author":[{"embeddable":true,"href":"https:\/\/hispanisztikaszeged.hu\/index.php?rest_route=\/wp\/v2\/users\/3"}],"replies":[{"embeddable":true,"href":"https:\/\/hispanisztikaszeged.hu\/index.php?rest_route=%2Fwp%2Fv2%2Fcomments&post=387"}],"version-history":[{"count":3,"href":"https:\/\/hispanisztikaszeged.hu\/index.php?rest_route=\/wp\/v2\/pages\/387\/revisions"}],"predecessor-version":[{"id":396,"href":"https:\/\/hispanisztikaszeged.hu\/index.php?rest_route=\/wp\/v2\/pages\/387\/revisions\/396"}],"up":[{"embeddable":true,"href":"https:\/\/hispanisztikaszeged.hu\/index.php?rest_route=\/wp\/v2\/pages\/7"}],"wp:attachment":[{"href":"https:\/\/hispanisztikaszeged.hu\/index.php?rest_route=%2Fwp%2Fv2%2Fmedia&parent=387"}],"curies":[{"name":"wp","href":"https:\/\/api.w.org\/{rel}","templated":true}]}}