{"id":204,"date":"2016-10-27T11:53:24","date_gmt":"2016-10-27T11:53:24","guid":{"rendered":"http:\/\/hispanisztikaszeged.hu\/wordpress\/?page_id=204"},"modified":"2026-04-09T08:46:05","modified_gmt":"2026-04-09T06:46:05","slug":"hallgatoinknak-2","status":"publish","type":"page","link":"https:\/\/hispanisztikaszeged.hu\/?page_id=204","title":{"rendered":"Hallgat\u00f3inknak"},"content":{"rendered":"<p style=\"text-align: justify;\"><span style=\"color: #003366;\">Tanulm\u00e1nyi \u00fcgyekben Dr. Csik\u00f3s Zsuzsanna egyetemi docenshez fordulhatnak a <a style=\"color: #003366;\" href=\"csikoszs@hist.u-szeged.hu\">csikoszs @ hist.u-szeged.hu<\/a> c\u00edmen.<\/span><\/p>\n<h2 style=\"text-align: justify;\"><span style=\"color: #003366;\">Alapvizsga<\/span><\/h2>\n<p style=\"text-align: justify;\"><span style=\"color: #003366;\"><strong>A spanyol alapvizsga lebonyol\u00edt\u00e1s\u00e1nak rendje<\/strong><\/span><\/p>\n<ol style=\"text-align: justify;\">\n<li><span style=\"color: #003366;\">Az alapvizsga \u00f6sszet\u00e9tele<\/span><br \/>\n<span style=\"color: #003366;\"> A spanyol alapvizsga egy \u00edr\u00e1sbeli \u00e9s egy sz\u00f3beli r\u00e9szvizsg\u00e1b\u00f3l \u00e1ll.1.1. Az \u00edr\u00e1sbeli alapvizsga k\u00e9t r\u00e9szfeladatb\u00f3l \u00e1ll: 1. nyelvi feladatsor; 2. f\u00f6ldrajzi \u00e9s civiliz\u00e1ci\u00f3s teszt.<\/span><\/li>\n<\/ol>\n<ul style=\"text-align: justify;\">\n<li><span style=\"color: #003366;\">A nyelvi teszt nyelvtani, lexik\u00e1lis, sz\u00f6veg\u00e9rt\u00e9si \u00e9s fogalmaz\u00e1si\u00a0feladatokat tartalmaz. A legmagasabb el\u00e9rhet\u0151 pontsz\u00e1m 150.<\/span><\/li>\n<\/ul>\n<ul style=\"text-align: justify;\">\n<li><span style=\"color: #003366;\">A f\u00f6ldrajzi \u00e9s civiliz\u00e1ci\u00f3s teszt f\u00f6ldrajzi \u00e9s orsz\u00e1gismereti t\u00e9mak\u00f6r\u00f6kbe tartoz\u00f3 feladatokb\u00f3l \u00e1ll. A legmagasabb el\u00e9rhet\u0151 pontsz\u00e1m 100.<\/span><br \/>\n<span style=\"color: #003366;\"> <strong> <a style=\"color: #003366;\" href=\"https:\/\/hispanisztikaszeged.hu\/wordpress\/wp-content\/uploads\/2016\/10\/AVirod2.pdf\">K\u00f6telez\u0151\/aj\u00e1nlott irodalom<\/a><\/strong> \u00e9s <a style=\"color: #003366;\" href=\"https:\/\/hispanisztikaszeged.hu\/wordpress\/wp-content\/uploads\/2016\/10\/ContCiv2014.pdf\"> <strong>tematika<\/strong><\/a> a felk\u00e9sz\u00fcl\u00e9shez.<\/span><\/li>\n<\/ul>\n<p style=\"padding-left: 30px; text-align: justify;\"><span style=\"color: #003366;\">\u00a01.2. A sz\u00f3beli vizsga bizotts\u00e1g el\u0151tt zajlik \u00e9s h\u00e1rom r\u00e9szb\u0151l \u00e1ll:<\/span><br \/>\n<span style=\"color: #003366;\"> &#8211; f\u00e9nyk\u00e9ple\u00edr\u00e1s<\/span><br \/>\n<span style=\"color: #003366;\"> &#8211; \u00f6n\u00e1ll\u00f3 t\u00e9makifejt\u00e9s<\/span><br \/>\n<span style=\"color: #003366;\"> &#8211; szitu\u00e1ci\u00f3s p\u00e1rbesz\u00e9d<\/span><\/p>\n<p style=\"padding-left: 30px; text-align: justify;\"><span style=\"color: #003366;\">A vizsga t\u00e9m\u00e1i megegyeznek a &#8222;Spanyol nyelvgyakorlatok&#8221; kurzus k\u00e9t f\u00e9l\u00e9v\u00e9nek t\u00e9m\u00e1ival, melyek az al\u00e1bbiak:<\/span><br \/>\n<span style=\"color: #003366;\"> * La familia y el individuo. El cuerpo humano, car\u00e1cter, fisionom\u00eda, personalidad<\/span><br \/>\n<span style=\"color: #003366;\"> * La casa, la ciudad y el pueblo. La vivienda.<\/span><br \/>\n<span style=\"color: #003366;\"> * El trabajo<\/span><br \/>\n<span style=\"color: #003366;\"> * La escuela y la ense\u00f1anza<\/span><br \/>\n<span style=\"color: #003366;\"> * Las compras, ocio y tiempo libre. La vida social<\/span><br \/>\n<span style=\"color: #003366;\"> * Los deportes<\/span><br \/>\n<span style=\"color: #003366;\"> * La salud y la enfermedad<\/span><br \/>\n<span style=\"color: #003366;\"> * El tiempo y el clima<\/span><br \/>\n<span style=\"color: #003366;\"> * El viaje<\/span><br \/>\n<span style=\"color: #003366;\"> * Correos y el banco<\/span><br \/>\n<span style=\"color: #003366;\"> * La cocina y la gastronom\u00eda<\/span><br \/>\n<span style=\"color: #003366;\"> * La moda<\/span><br \/>\n<span style=\"color: #003366;\"> * La juventud. Problemas actuales: amistad, amor, estudios, desempleo, drogas, etc.<\/span><br \/>\n<span style=\"color: #003366;\"> * La religi\u00f3n<\/span><br \/>\n<span style=\"color: #003366;\"> * La naturaleza. Flora y fauna<\/span><br \/>\n<span style=\"color: #003366;\"> * La protecci\u00f3n del medioambiente<\/span><br \/>\n<span style=\"color: #003366;\"> * Las fiestas. Tradiciones<\/span><br \/>\n<span style=\"color: #003366;\"> * Artes I : arquitectura, escultura, pintura<\/span><br \/>\n<span style=\"color: #003366;\"> * Artes II : artesan\u00eda y fotograf\u00eda<\/span><br \/>\n<span style=\"color: #003366;\"> * Cine, teatro, m\u00fasica y danza<\/span><br \/>\n<span style=\"color: #003366;\"> * Medios de comunicaci\u00f3n<\/span><br \/>\n<span style=\"color: #003366;\"> * La pol\u00edtica. Inmigraci\u00f3n, racismo, minor\u00edas<\/span><br \/>\n<span style=\"color: #003366;\"> * Espa\u00f1a y Hungr\u00eda en la Uni\u00f3n Europea<\/span><br \/>\n<span style=\"color: #003366;\"> * Inform\u00e1tica y nuevas tecnolog\u00edas<\/span><\/p>\n<p style=\"padding-left: 30px; text-align: justify;\"><span style=\"color: #003366;\">2. Az \u00edr\u00e1sbeli alapvizsga lebonyol\u00edt\u00e1sa<\/span><br \/>\n<span style=\"color: #003366;\"> Az \u00edr\u00e1sbeli vizsg\u00e1k id\u0151tartama 180 perc. K\u00f6zvetlen\u00fcl az \u00edr\u00e1sbeli vizsga ut\u00e1n ker\u00fcl sor a magn\u00f3s sz\u00f6veg\u00e9rt\u00e9s vizsgar\u00e9sz lebonyol\u00edt\u00e1s\u00e1ra, melynek eredm\u00e9nye a sz\u00f3beli vizsga r\u00e9sz\u00e9t k\u00e9pezi.<\/span><\/p>\n<p style=\"padding-left: 30px; text-align: justify;\"><span style=\"color: #003366;\">3. A vizsga \u00e9rt\u00e9kel\u00e9se<\/span><br \/>\n<span style=\"color: #003366;\"> Az alapvizsga oszt\u00e1lyzat\u00e1t az \u00edr\u00e1sbeli \u00e9s a sz\u00f3beli r\u00e9szvizsg\u00e1n szerzett \u00f6sszes\u00edtett pontok alapj\u00e1n kell kisz\u00e1m\u00edtani. Az \u00edr\u00e1sbelin szerezhet\u0151 maxim\u00e1lis pontsz\u00e1m 250, a sz\u00f3belin pedig 80, teh\u00e1t az alapvizsg\u00e1n \u00f6sszesen szerezhet\u0151 pontok sz\u00e1ma 330.<\/span><br \/>\n<span style=\"color: #003366;\"> Sz\u00f3beli vizsg\u00e1ra csak az \u00edr\u00e1sbeli alapvizsga eredm\u00e9nyes teljes\u00edt\u00e9se ut\u00e1n lehet j\u00e1rulni. A vizsgar\u00e9sz sikeres teljes\u00edt\u00e9s\u00e9hez az \u00edr\u00e1sbelin legal\u00e1bb 150 pontot, a sz\u00f3belin pedig legal\u00e1bb 48 pontot el kell \u00e9rni. Sikertelen az alapvizsga, ha b\u00e1rmelyik vizsgar\u00e9sz sikertelen.<\/span><br \/>\n<span style=\"color: #003366;\"> Tov\u00e1bbi felt\u00e9tel, hogy a sikeres \u00edr\u00e1sbeli vizsg\u00e1hoz a k\u00e9t \u00edr\u00e1sbeli r\u00e9szfeladat (azaz a nyelvi vagy a f\u00f6ldrajzi \u00e9s civiliz\u00e1ci\u00f3s feladatsor) eredm\u00e9ny\u00e9nek k\u00fcl\u00f6n-k\u00fcl\u00f6n is meg kell haladnia a r\u00e9szfeladattal \u00f6sszesen el\u00e9rhet\u0151 pontsz\u00e1m 60 sz\u00e1zal\u00e9k\u00e1t. (Azaz a nyelvi feladatsor eset\u00e9ben legal\u00e1bb 90, a f\u00f6ldrajzi \u00e9s civiliz\u00e1ci\u00f3s teszt eset\u00e9ben pedig legal\u00e1bb 60 pontot el kell \u00e9rni az eredm\u00e9nyes teljes\u00edt\u00e9shez.) Amennyiben valamelyik r\u00e9szeredm\u00e9ny alacsonyabb a r\u00e9szfeladattal el\u00e9rhet\u0151 \u00f6sszes pontsz\u00e1m 60 sz\u00e1zal\u00e9k\u00e1n\u00e1l, akkor az \u00edr\u00e1sbeli vizsga eredm\u00e9nye el\u00e9gtelen, \u00e9s ezt be kell vezetni a leckek\u00f6nyvbe \u00e9s a vizsgalapra. A sikertelen r\u00e9szfeladatot meg kell ism\u00e9telni a k\u00f6vetkez\u0151 megadott \u00edr\u00e1sbeli alapvizsga-id\u0151pontban.<\/span><br \/>\n<span style=\"color: #003366;\"> Az \u00f6sszes\u00edtett ponthat\u00e1rok a k\u00f6vetkez\u0151k:<\/span><br \/>\n<span style=\"color: #003366;\"> 297-330\u00a0\u00a0 \u00a0= jeles<\/span><br \/>\n<span style=\"color: #003366;\"> 264-296\u00a0\u00a0 \u00a0= j\u00f3<\/span><br \/>\n<span style=\"color: #003366;\"> 231-263\u00a0\u00a0 \u00a0= k\u00f6zepes<\/span><br \/>\n<span style=\"color: #003366;\"> 198-230\u00a0\u00a0 \u00a0= el\u00e9gs\u00e9ges<\/span><br \/>\n<span style=\"color: #003366;\"> 0-197\u00a0\u00a0 \u00a0= el\u00e9gtelen<\/span><\/p>\n<p style=\"padding-left: 30px; text-align: justify;\"><span style=\"color: #003366;\">A sz\u00f3beli vizsg\u00e1n az oktat\u00f3k a k\u00f6vetkez\u0151 szempontok alapj\u00e1n \u00e9rt\u00e9kelik a hallgat\u00f3 teljes\u00edtm\u00e9ny\u00e9t.\u00a0<strong><a style=\"color: #003366;\" href=\"https:\/\/hispanisztikaszeged.hu\/wordpress\/wp-content\/uploads\/2016\/10\/AVszobeliert.pdf\">T\u00e1bl\u00e1zat let\u00f6lt\u00e9se.<\/a><\/strong><\/span><\/p>\n<hr \/>\n<h2 style=\"text-align: justify;\"><span style=\"color: #003366;\"><strong>Szakdolgozat<\/strong><\/span><\/h2>\n<h3><span style=\"color: #ff0000;\">A szakdolgozat akkor adhat\u00f3 be, ha a t\u00e9mavezet\u0151 a mindenkori bead\u00e1si hat\u00e1rid\u0151 el\u0151tt h\u00e1rom h\u00e9ttel azt legal\u00e1bb 70 %-os k\u00e9sz\u00fclts\u00e9gi \u00e1llapot\u00e1ban l\u00e1tta \u00e9s azt beny\u00fajt\u00e1sra alkalmasnak min\u0151s\u00edtette.<br \/>\nEz nem befoly\u00e1solja a konzult\u00e1ci\u00f3s hat\u00e1rid\u0151ket.<br \/>\n<\/span><\/h3>\n<h3 style=\"text-align: justify;\"><span style=\"color: #003366;\">Osztatlan tan\u00e1rk\u00e9pz\u00e9s<\/span><\/h3>\n<p style=\"text-align: justify;\"><span style=\"color: #993366;\"><strong><a style=\"color: #993366;\" href=\"https:\/\/hispanisztikaszeged.hu\/wp-content\/uploads\/2021\/04\/a_szakdolgozat_es_a_tzv_az_osztatlan_tanarkepzesben_legujabb_2020_08_27.pdf\">T\u00e1j\u00e9koztat\u00f3 a szakdolgozatr\u00f3l \u00e9s tan\u00e1ri z\u00e1r\u00f3vizsg\u00e1r\u00f3l<\/a> (+portf\u00f3li\u00f3r\u00f3l)<\/strong><\/span><\/p>\n<p style=\"text-align: justify;\"><span style=\"color: #003366;\">Felh\u00edvjuk figyelm\u00fcket, hogy osztatlan tan\u00e1rk\u00e9pz\u00e9sben a szakdolgozatok lead\u00e1si hat\u00e1rideje elt\u00e9r a t\u00f6bbi k\u00e9pz\u00e9sen k\u00e9sz\u00edtett szakdolgozatok lead\u00e1si hat\u00e1ridejeit\u0151l. E k\u00e9pz\u00e9sben a tavaszi f\u00e9l\u00e9vben m\u00e1rcius 31., az \u0151szi f\u00e9l\u00e9vben\u00a0 okt\u00f3ber 31. a hat\u00e1rid\u0151. A szakdolgozati konzult\u00e1ci\u00f3s lehet\u0151s\u00e9g a hat\u00e1rid\u0151 lej\u00e1rta el\u0151tt k\u00e9t h\u00e9ttel lez\u00e1rul, eddig (<strong>m\u00e1rcius 15.<\/strong> \u00e9s <strong>okt\u00f3ber 15.<\/strong> a tavaszi, illetve \u0151szi f\u00e9l\u00e9vben) fogadnak a tansz\u00e9k oktat\u00f3i a szakdolgozattal kapcsolatos anyagokat.<\/span><\/p>\n<p style=\"text-align: justify;\"><span style=\"color: #003366;\">A z\u00e1r\u00f3vizsga m\u00f3dszertani r\u00e9sz\u00e9nek felel\u0151se Praefort Veronika, a portf\u00f3li\u00f3val kapcsolatban vele lehet konzult\u00e1lni.<\/span><\/p>\n<p><strong><a href=\"https:\/\/hispanisztikaszeged.hu\/wp-content\/uploads\/2016\/10\/Szakdolgozati_temak_osztatlan_2020.pdf\">Javasolt szakdolgozati t\u00e9m\u00e1k<\/a><\/strong><br \/>\n<strong> <span style=\"color: #003366;\"> <a href=\"https:\/\/hispanisztikaszeged.hu\/wp-content\/uploads\/2016\/10\/spanyol_osztatlan_zvtetelsor_20191028.pdf\">A spanyol osztatlan tan\u00e1ri szak z\u00e1r\u00f3vizsg\u00e1j\u00e1nak t\u00e9telsora (szakmai \u00e9s szakm\u00f3dszertani ismeretek)<\/a><\/span><\/strong><\/p>\n<h3><\/h3>\n<h3 style=\"text-align: justify;\"><span style=\"color: #003366;\">R\u00f6vid ciklus\u00fa tan\u00e1rk\u00e9pz\u00e9s (60 kredites 2 f\u00e9l\u00e9ves \u00e9s 120 kredites 4 f\u00e9l\u00e9ves)<br \/>\n<\/span><\/h3>\n<p><span style=\"color: #003366;\">A k\u00e9pz\u00e9ssel kapcsolatos tudnival\u00f3kat l\u00e1sd <a style=\"color: #003366;\" href=\"https:\/\/hispanisztikaszeged.hu\/wp-content\/uploads\/2016\/10\/tanulmanyi_kalauz_fuzet_10_pontos_meret_rovid_ciklusu_kepzesek_legvegso_2021.pdf\">itt<\/a>.<br \/>\nA 60 kredites k\u00e9pz\u00e9s z\u00e1r\u00f3vizsg\u00e1j\u00e1nak szakm\u00f3dszertani t\u00e9telsor\u00e1t l\u00e1sd <a style=\"color: #003366;\" href=\"https:\/\/hispanisztikaszeged.hu\/wp-content\/uploads\/2016\/10\/zv_tetelek_OT_RC_modszertan_2022.docx\">itt<\/a>.<\/span><br \/>\n<span style=\"color: #003366;\"> A 120 kredites k\u00e9pz\u00e9s z\u00e1r\u00f3vizsg\u00e1j\u00e1nak szaktant\u00e1rgyi \u00e9s szakm\u00f3dszertani ismeretek t\u00e9telsor\u00e1t l\u00e1sd <a style=\"color: #003366;\" href=\"https:\/\/hispanisztikaszeged.hu\/wp-content\/uploads\/2016\/10\/zv_tetelek_OT_RC_szakm_modsz_2022.docx\">itt<\/a>.<\/span><\/p>\n<h3 style=\"text-align: justify;\"><span style=\"color: #003366;\">\u00a0<\/span><\/h3>\n<h3 style=\"text-align: justify;\"><span style=\"color: #003366;\">BA \u00e9s MA k\u00e9pz\u00e9sek<\/span><\/h3>\n<p style=\"text-align: justify;\"><span style=\"color: #003366;\">Felh\u00edvjuk sz\u00edves figyelm\u00fcket, hogy a szakdolgozati konzult\u00e1ci\u00f3s lehet\u0151s\u00e9g (szakos \u00e9s tan\u00e1ri MA k\u00e9pz\u00e9s eset\u00e9ben m\u00f3dszertani dolgozatokn\u00e1l) a szakdolgozat lead\u00e1si hat\u00e1rideje el\u0151tt k\u00e9t h\u00e9ttel lez\u00e1rul. Ez a d\u00e1tum az \u0151szi\u00a0szemeszterben\u00a0<strong>november 15.<\/strong>, a tavasziban pedig <strong>\u00e1prilis 15.<\/strong>\u00a0Ezt k\u00f6vet\u0151en a tansz\u00e9k oktat\u00f3i nem fogadnak szakdolgozattal kapcsolatos anyagokat. K\u00e9rj\u00fck a fentiek sz\u00edves tudom\u00e1sul v\u00e9tel\u00e9t.<\/span><br \/>\n<span style=\"color: #003366;\"> A szakdolgozatok \u00e9s z\u00e1r\u00f3vizsga m\u00f3dszertani r\u00e9sz\u00e9nek felel\u0151se Praefort Veronika, a szakm\u00f3dszertani mell\u00e9klet \u00e9s\u00a0portf\u00f3li\u00f3 t\u00e9m\u00e1j\u00e1ban vele lehet konzult\u00e1lni.<\/span><\/p>\n<p style=\"text-align: justify;\"><span style=\"color: #003366;\"><strong><a style=\"color: #003366;\" href=\"https:\/\/hispanisztikaszeged.hu\/wp-content\/uploads\/2016\/10\/szakdolgozati_temak_2020.pdf\">Javasolt szakdolgozati t\u00e9m\u00e1k<\/a>, <\/strong>BA-MA k\u00e9pz\u00e9s<br \/>\n<\/span><\/p>\n<p style=\"text-align: justify;\"><span style=\"color: #003366;\">Amennyiben nyelvi okok miatt a dolgozatok nem felelnek meg a k\u00f6vetelm\u00e9nyeknek, a k\u00f6vetkez\u0151 szemeszterben lehet\u0151s\u00e9g van\u00a0a kijav\u00edtott dolgozat \u00fajb\u00f3li bead\u00e1s\u00e1ra, egy r\u00e9szletes, hibaelemz\u0151 munka egy\u00fcttes elk\u00e9sz\u00edt\u00e9s\u00e9vel.<\/span><br \/>\n<span style=\"color: #003366;\"><strong><br \/>\nSZAKDOLGOZATI K\u00d6VETELM\u00c9NYEK BA \u00c9S MA SZAKOS HALLGAT\u00d3K SZ\u00c1M\u00c1RA<br \/>\n<\/strong><\/span><\/p>\n<p style=\"text-align: justify;\"><span style=\"color: #003366;\"><em>1. A szakdolgozat meghat\u00e1roz\u00e1sa<\/em><br \/>\nA szakdolgozat \u2013 tudom\u00e1nyos \u00e9rtekez\u00e9s, egy, a hispanisztika tudom\u00e1nyter\u00fcleteihez tartoz\u00f3 v\u00e1lasztott t\u00e9ma monografikus feldolgoz\u00e1sa, amely e t\u00e9ma szakirodalm\u00e1nak kritikai \u00e1ttekint\u00e9se ut\u00e1n a sz\u00fcks\u00e9ges forr\u00e1sok (lev\u00e9lt\u00e1ri \u00e9s sajt\u00f3anyag, eml\u00e9kiratok, nyelvi sz\u00f6vegek, irodalmi alkot\u00e1sok, stb.) elemz\u00e9s\u00e9vel \u00f6n\u00e1ll\u00f3 k\u00f6vetkeztet\u00e9sre jut, s mindezt az \u00e9rtekez\u0151 pr\u00f3za szab\u00e1lyai szerint, a felhaszn\u00e1lt szakirodalom \u00e9s az arra vonatkoz\u00f3 hivatkoz\u00e1sok felt\u00fcntet\u00e9s\u00e9vel, a tudom\u00e1nyos \u00e9rtekez\u0151 pr\u00f3za formai k\u00f6vetelm\u00e9nyeit alkalmazva foglalja \u00f6ssze.<\/span><\/p>\n<p style=\"text-align: justify;\"><span style=\"color: #003366;\">Az alapk\u00e9pz\u00e9s (BA) \u00e9s a mesterszak (MA) szakdolgozata k\u00f6z\u00f6tt csak terjedelmi k\u00fcl\u00f6nbs\u00e9gek vannak.<\/span><\/p>\n<p style=\"text-align: justify;\"><span style=\"color: #003366;\"><em>2. A szakdolgozat c\u00e9lja<\/em><br \/>\nA szakdolgozat c\u00e9lja, hogy bizony\u00edtsa, az egyetemi tanulm\u00e1nyait befejez\u0151 \u00e9s z\u00e1r\u00f3vizsg\u00e1ra k\u00e9sz\u00fcl\u0151 jel\u00f6lt j\u00e1rtas a tudom\u00e1nyos kutat\u00e1s m\u00f3dszertan\u00e1ban, k\u00e9pes az \u00f6n\u00e1ll\u00f3 tudom\u00e1nyos \u00e9s kutat\u00f3munk\u00e1ra, a t\u00e9m\u00e1val kapcsolatos, ellentmond\u00f3 meg\u00e1llap\u00edt\u00e1sok kritikai \u00e9rt\u00e9kel\u00e9s\u00e9re \u00e9s \u00f6n\u00e1ll\u00f3 v\u00e9lem\u00e9nyalkot\u00e1sra, ismeri az \u00e9rtekez\u0151 pr\u00f3za tartalmi \u00e9s formai-technikai k\u00f6vetelm\u00e9nyeit \u00e9s norm\u00e1it.<\/span><\/p>\n<p style=\"text-align: justify;\"><span style=\"color: #003366;\"><em>3. T\u00e9mav\u00e1laszt\u00e1s<\/em><br \/>\nAz \u00e9rintett hallgat\u00f3knak az <em>alapk\u00e9pz\u00e9sben<\/em> (BA) a IV. szemeszter, a <em>mesterk\u00e9pz\u00e9sben<\/em> (MA) a II. szemeszter v\u00e9g\u00e9ig kell szakdolgozati t\u00e9m\u00e1t v\u00e1lasztaniuk a Tansz\u00e9k \u00e1ltal nyilv\u00e1noss\u00e1gra hozott t\u00e9m\u00e1k k\u00f6z\u00fcl. A t\u00e9mavezet\u0151vel \u00e9s a tansz\u00e9kvezet\u0151vel t\u00f6rt\u00e9nt el\u0151zetes konzult\u00e1ci\u00f3 alapj\u00e1n ett\u0151l elt\u00e9r\u0151 t\u00e9m\u00e1t is lehet v\u00e1lasztani, de csak a spanyol nyelv\u0171 irodalmak, a nyelv\u00e9szet \u00e9s a civiliz\u00e1ci\u00f3 ter\u00fclet\u00e9r\u0151l. A spanyoltan\u00edt\u00e1s m\u00f3dszertan\u00e1b\u00f3l nem v\u00e1laszthat\u00f3 szakdolgozati t\u00e9ma, de m\u0171ford\u00edt\u00e1s sem lehet szakdolgozat t\u00e1rgya.<\/span><br \/>\n<span style=\"color: #003366;\"> A\u00a0t\u00e9mav\u00e1laszt\u00e1st \u00edr\u00e1sban, a t\u00e9mavezet\u0151 j\u00f3v\u00e1hagy\u00e1s\u00e1t igazol\u00f3 \u00e9s a tansz\u00e9kvezet\u0151 al\u00e1\u00edr\u00e1s\u00e1val ell\u00e1tott <strong><a style=\"color: #003366;\" href=\"http:\/\/www.arts.u-szeged.hu\/download.php?docID=48212\">nyomtatv\u00e1ny<\/a><\/strong>on kell bejelenteni a tansz\u00e9ki irod\u00e1n.<\/span><br \/>\n<span style=\"color: #003366;\"> A m\u00e1r elfogadott t\u00e9m\u00e1t\u00f3l elt\u00e9rni, \u00faj t\u00e9m\u00e1t v\u00e1lasztani az \u00e9rintett oktat\u00f3k el\u0151zetes egyet\u00e9rt\u00e9s\u00e9vel \u00e9s a tansz\u00e9kvezet\u0151 enged\u00e9ly\u00e9vel lehet.<\/span><br \/>\n<span style=\"color: #003366;\"> A t\u00e9mavezet\u0151 a Tansz\u00e9k tudom\u00e1nyos fokozattal rendelkez\u0151 oktat\u00f3ja lehet. K\u00fcls\u0151 t\u00e9mavezet\u0151 csak indokolt esetben v\u00e1laszthat\u00f3, a tansz\u00e9kvezet\u0151 el\u0151zetes enged\u00e9ly\u00e9vel.<\/span><br \/>\n<span style=\"color: #003366;\"> Egy adott tan\u00e9vben egy oktat\u00f3 legfeljebb n\u00e9gy \u00fajonnan bejelentett szakdolgozat t\u00e9mavezet\u0151je lehet.<\/span><\/p>\n<p><span style=\"color: #003366;\"><em>Osztatlan tan\u00e1rk\u00e9pz\u00e9sben<\/em> a szakdolgozati t\u00e9ma megv\u00e1laszt\u00e1s\u00e1nak ideje az \u00e1ltal\u00e1nos iskolai \u00e9s a k\u00f6z\u00e9piskolai tan\u00e1ri szak eset\u00e9ben elt\u00e9r\u0151. Az \u00e1ltal\u00e1nos iskolai tan\u00e1ri szakon a szakdolgozat t\u00e9m\u00e1j\u00e1t \u00e9s t\u00e9mavezet\u0151j\u00e9t a mintatanterv szerint halad\u00f3 hallgat\u00f3 legk\u00e9s\u0151bb a 7. akt\u00edv f\u00e9l\u00e9v elej\u00e9n, szeptember 30-ig v\u00e1lasztja. A k\u00f6z\u00e9piskolai tan\u00e1ri szakon a szakdolgozat t\u00e9m\u00e1j\u00e1t \u00e9s t\u00e9mavezet\u0151j\u00e9t legk\u00e9s\u0151bb a 9. akt\u00edv f\u00e9l\u00e9vben, szeptember 30-ig kell kiv\u00e1lasztani.<\/span><\/p>\n<p style=\"text-align: justify;\"><span style=\"color: #003366;\"><em>4. A szakdolgozat formai k\u00f6vetelm\u00e9nyei<\/em><br \/>\nA szakdolgozat nyelve az \u00fajlatin nyelvek \u00e9s kult\u00far\u00e1k spanyol szakir\u00e1nyon \u00e9s a spanyol diszciplin\u00e1ris mesterk\u00e9pz\u00e9sben a spanyol.<\/span><\/p>\n<p style=\"text-align: justify;\"><span style=\"color: #003366;\">Tov\u00e1bbi k\u00f6vetelm\u00e9nyek <strong>BA k\u00e9pz\u00e9sben:<\/strong> a szakdolgozat <span style=\"color: #ff0000;\">sz\u00f3k\u00f6z\u00f6k n\u00e9lk\u00fcl minimum 45 000<\/span> \u00e9s legfeljebb 80 000 le\u00fct\u00e9s terjedelemben, legal\u00e1bb 12-es pontm\u00e9retben, 1,5-es sork\u00f6zzel meg\u00edrt \u00f6n\u00e1ll\u00f3 munka, melyben a tartalom- \u00e9s irodalomjegyz\u00e9k, valamint a jegyzetek \u00e9s a mell\u00e9klet a fentebb megadott terjedelmen fel\u00fcl \u00e9rtend\u0151. A standard marg\u00f3 minden\u00fctt 2,5 cm, melyt\u0151l a t\u00e9mavezet\u0151 hozz\u00e1j\u00e1rul\u00e1s\u00e1val el lehet t\u00e9rni.<\/span><br \/>\n<span style=\"color: #003366;\"> K\u00f6vetelm\u00e9nyek <strong>MA k\u00e9pz\u00e9sben:<\/strong> A szakdolgozat terjedelme <span style=\"color: #ff0000;\">sz\u00f3k\u00f6z\u00f6k n\u00e9lk\u00fcl minimum 60 000<\/span> karakter terjedelemben, 12-es bet\u0171m\u00e9rettel, Times New Roman bet\u0171t\u00edpussal, 1,5-es sork\u00f6zzel meg\u00edrt \u00f6n\u00e1ll\u00f3 munka, a tartalom- \u00e9s irodalomjegyz\u00e9k, valamint a jegyzetek \u00e9s a mell\u00e9klet a fentebb megadott terjedelmen fel\u00fcl \u00e9rtend\u0151. A marg\u00f3 minden\u00fctt 2,5 cm.\u00a0<\/span><br \/>\n<span style=\"color: #003366;\"> A szakdolgozatot spanyol \u00e9s magyar nyelv\u0171, a Tanulm\u00e1nyi Oszt\u00e1ly \u00e1ltal meghat\u00e1rozott \u00e9s k\u00f6zz\u00e9tett form\u00e1j\u00fa el\u0151lappal kell ell\u00e1tni, melyen fel kell t\u00fcntetni a dolgozat szerz\u0151j\u00e9nek nev\u00e9t, szakj\u00e1t, a dolgozat c\u00edm\u00e9t, a t\u00e9mavezet\u0151 nev\u00e9t \u00e9s beoszt\u00e1s\u00e1t, tudom\u00e1nyos fokozat\u00e1t, valamint a dolgozat bead\u00e1s\u00e1nak \u00e9v\u00e9t.<\/span><br \/>\n<span style=\"color: #003366;\"> A dolgozatnak tartalmaznia kell a felhaszn\u00e1lt szakirodalmat, illetve az adott esetben az elemzett forr\u00e1sokat felt\u00fcntet\u0151 bibliogr\u00e1fi\u00e1t. A bibliogr\u00e1fi\u00e1t a t\u00e9m\u00e1t t\u00e1rgyal\u00f3 idegen nyelv\u0171 \u00e9s esetleg magyar nyelv\u0171 legfontosabb monografikus alapm\u0171veknek \u00e9s \u00f6n\u00e1ll\u00f3 tanulm\u00e1nyoknak kell alkotniuk.<\/span><br \/>\n<span style=\"color: #003366;\"> A szakirodalomra t\u00f6rt\u00e9n\u0151 hivatkoz\u00e1sok rendj\u00e9t a t\u00e9mavezet\u0151 hat\u00e1rozhatja meg. Ennek r\u00e9szleteit k\u00fcl\u00f6n szab\u00e1lyozzuk az al\u00e1bbi mell\u00e9kletben. (let\u00f6lthet\u0151 <a href=\"https:\/\/hispanisztikaszeged.hu\/wp-content\/uploads\/2016\/10\/szakdolgkov2021.docx\">innen<\/a> felt\u00f6ltve: 2021.03.12.)<\/span><\/p>\n<p><span style=\"text-decoration: underline;\"><span style=\"color: #008000; text-decoration: underline;\">Spanyol nyelv\u0171 el\u0151lap mint\u00e1k:<\/span><\/span><br \/>\n<strong><span style=\"color: #008000;\"><a style=\"color: #008000;\" href=\"https:\/\/hispanisztikaszeged.hu\/wp-content\/uploads\/2021\/04\/szakdolgbelsospBA2021ujlatin.doc\">\u00dajlatin nyelvek \u00e9s kult\u00far\u00e1k alapszak spanyol szakir\u00e1ny<\/a><\/span><\/strong><br \/>\n<strong><span style=\"color: #008000;\"> <a style=\"color: #008000;\" href=\"https:\/\/hispanisztikaszeged.hu\/wp-content\/uploads\/2021\/04\/szakdolgbelsospMA2021.doc\">Spanyol nyelv, irodalom \u00e9s kult\u00fara mesterszak<\/a><\/span><\/strong><\/p>\n<p><span style=\"color: #008000;\"><strong><a style=\"color: #008000;\" href=\"https:\/\/hispanisztikaszeged.hu\/wp-content\/uploads\/2016\/10\/szakdolgbelso_to.doc\">Magyar nyelv\u0171 bels\u0151 c\u00edmlap minta a TO honlapj\u00e1r\u00f3l<\/a><\/strong><\/span><\/p>\n<p style=\"text-align: justify;\"><span style=\"color: #003366;\"><em>5. A szakdolgozat \u00e9rt\u00e9kel\u00e9se<\/em><br \/>\nA szakdolgozatot a t\u00e9mavezet\u0151n k\u00edv\u00fcl egy m\u00e1sik b\u00edr\u00e1l\u00f3 is \u00e9rt\u00e9keli a Tansz\u00e9k \u00e1ltal meghat\u00e1rozott szempontok alapj\u00e1n (l\u00e1sd az \u00e9rt\u00e9kel\u0151 lapot). Ha az egyik b\u00edr\u00e1l\u00f3 el\u00e9gtelen min\u0151s\u00edt\u00e9st javasol, a Tansz\u00e9k vezet\u0151je harmadik b\u00edr\u00e1l\u00f3t k\u00e9r fel v\u00e9lem\u00e9nyez\u00e9sre.<\/span><br \/>\n<span style=\"color: #003366;\"> Amennyiben mindk\u00e9t b\u00edr\u00e1l\u00f3 szakmai \u00e9rt\u00e9kel\u00e9se alapj\u00e1n a dolgozat 16 pontn\u00e1l kevesebb pontot \u00e9r el, a nyelvi \u00e9rt\u00e9kel\u00e9st\u0151l f\u00fcggetlen\u00fcl el\u00e9gtelen min\u0151s\u00edt\u00e9st kap, s a hallgat\u00f3nak \u00faj dolgozatot kell beny\u00fajtania.<\/span><br \/>\n<span style=\"color: #003366;\"> A szakdolgozat szakmai \u00e9rt\u00e9kel\u00e9se mellett a nyelvi megform\u00e1l\u00e1s, nyelvhelyess\u00e9g \u00e9s ig\u00e9nyess\u00e9g k\u00fcl\u00f6n hangs\u00falyos szempont. Amennyiben mindk\u00e9t b\u00edr\u00e1l\u00f3 a dolgozat nyelvi sz\u00ednvonal\u00e1t nem megfelel\u0151nek (0-5 pont) min\u0151s\u00edti, a dolgozatot nem lehet z\u00e1r\u00f3vizsg\u00e1ra bocs\u00e1tani.<\/span><br \/>\n<span style=\"color: #003366;\"> Ebben az esetben a jel\u00f6lt lehet\u0151s\u00e9get kap arra, hogy visszavonja dolgozat\u00e1t, \u00e9s a sz\u00fcks\u00e9ges nyelvi korrekci\u00f3s tennival\u00f3k elv\u00e9gz\u00e9se ut\u00e1n ny\u00fajtsa azt be ism\u00e9t. Ez esetben a szakmai jelleg\u0171 k\u00e9rd\u00e9sek mellett a z\u00e1r\u00f3vizsg\u00e1n a jel\u00f6ltnek elemeznie kell azt is, hogy nyelvi, nyelvhelyess\u00e9gi szempontb\u00f3l milyen hib\u00e1i, gyenges\u00e9gei voltak eredeti dolgozat\u00e1nak.<\/span><br \/>\n<span style=\"color: #003366;\"> A dolgozat \u00e9rt\u00e9kel\u00e9s\u00e9n\u00e9l szigor\u00faan mer\u00fcl fel a pl\u00e1gium k\u00e9rd\u00e9se. Ebben a Kari Tan\u00e1csnak a pl\u00e1giumr\u00f3l hozott hat\u00e1rozata az ir\u00e1nyad\u00f3. L\u00e1sd BTK Szab\u00e1lyzatok: <strong><a href=\"https:\/\/arts.u-szeged.hu\/karunkrol\/szabalyzatok\">Pl\u00e1giumszab\u00e1lyzat<\/a><\/strong><br \/>\n<\/span><\/p>\n<p style=\"text-align: justify;\"><span style=\"color: #003366;\"><em>6. Z\u00e1r\u00f3dolgozat<\/em><br \/>\nA katal\u00e1n specializ\u00e1ci\u00f3 szak kurzusait elv\u00e9gz\u0151 hallgat\u00f3knak z\u00e1r\u00f3dolgozatot kell k\u00e9sz\u00edteni\u00fck, melynek terjedelme min. 20.000 karakter.<\/span><br \/>\n<span style=\"color: #003366;\"> A tudom\u00e1nyos k\u00f6zl\u00e9s formai szab\u00e1lyait ismer\u0151 \u00e9s azokat alkalmaz\u00f3 dolgozatnak egy, az illet\u00e9kes oktat\u00f3k \u00e1ltal elfogadott olyan probl\u00e9m\u00e1t kell feldolgoznia, amely a t\u00e9ma alapvet\u0151 szakirodalm\u00e1nak ismeret\u00e9n alapul.<\/span><br \/>\n<span style=\"color: #003366;\"> A dolgozat magyar vagy katal\u00e1n nyelven is beny\u00fajthat\u00f3.<\/span><\/p>\n<p style=\"text-align: justify;\"><span style=\"color: #003366;\"><em>7. \u00c9rt\u00e9kel\u0151 lap<\/em><\/span><br \/>\n<span style=\"color: #003366;\"> <strong> <a style=\"color: #003366;\" href=\"https:\/\/hispanisztikaszeged.hu\/wordpress\/wp-content\/uploads\/2016\/10\/ertekelolap.pdf\">Pdf form\u00e1tumban<\/a><\/strong><\/span><br \/>\n<span style=\"color: #003366;\"> <strong> <a style=\"color: #003366;\" href=\"https:\/\/hispanisztikaszeged.hu\/wordpress\/wp-content\/uploads\/2016\/10\/ertekelolap.doc\">Word form\u00e1tumban<\/a><\/strong><\/span><\/p>\n<p style=\"text-align: justify;\"><span style=\"color: #003366;\"><em>A szakdolgozat lead\u00e1s\u00e1val kapcsolatos tennival\u00f3k:<\/em><\/span><br \/>\n<span style=\"color: #003366;\"> A szakdolgozatot a 2025-2026. tan\u00e9v II. f\u00e9l\u00e9v\u00e9ben a tansz\u00e9ken (6722 Szeged, Pet\u0151fi S. sgt. 32-34.) <span style=\"color: #008000;\"><strong>1 p\u00e9ld\u00e1nyban<\/strong><\/span> kell beny\u00fajtani <span style=\"color: #000080;\"><strong>f\u0171z\u00f6tt\/spir\u00e1lozott p\u00e9ld\u00e1ny<\/strong>ban. <\/span><strong><span style=\"color: #008000;\">Word form\u00e1tumban e-mailen a hispan @ hist.u-szeged.hu c\u00edm<\/span><\/strong>re kell elk\u00fcldeni, majd j\u00f3v\u00e1hagy\u00e1s ut\u00e1n <span style=\"color: #008000;\"><strong>PDF form\u00e1tumban a Modul\u00f3<\/strong><\/span>ba kell felt\u00f6lteni (felt\u00f6lt\u00e9s menete: MODULO &#8211; Folyamatban l\u00e9v\u0151 \u00fcgyek \u2013 Z\u00e1r\u00f3vizsga jelentkez\u00e9s &#8211; Csatolt \u0171rlap kit\u00f6lt\u00e9se, felt\u00f6lt\u00e9s el\u0151tt aj\u00e1nlott a \u201ePiszkozat\u201d mapp\u00e1ban l\u00e9v\u0151 dokumentumokat t\u00f6r\u00f6lni).<br \/>\n<strong><span style=\"color: #ff0000;\">A pl\u00e1giumnyilatkozatot \u00e9s az MI nyilatkozatot mindenki k\u00f6teles a szakdolgozat\/portf\u00f3li\u00f3 elej\u00e9re beilleszteni! <\/span><\/strong>A nyilatkozatokat ki kell nyomtatni, k\u00e9k tollal al\u00e1\u00edrni, majd beszkennelve csatolni kell a szakdolgozathoz.\u00a0 \u00a0 <a href=\"https:\/\/arts.u-szeged.hu\/karunkrol\/szabalyzatok\" target=\"_blank\" rel=\"noopener\">https:\/\/arts.u-szeged.hu\/karunkrol\/szabalyzatok<\/a>\u00a0 <a href=\"https:\/\/arts.u-szeged.hu\/oktatas\/tanulmanyi-osztaly\/formanyomtatvanyok\" target=\"_blank\" rel=\"noopener\">https:\/\/arts.u-szeged.hu\/oktatas\/tanulmanyi-osztaly\/formanyomtatvanyok<\/a><br \/>\nSorrend: spanyol nyelv\u0171 c\u00edmlap + magyar nyelv\u0171 c\u00edmlap + pl\u00e1giumnyilatkozat + MI nyilatkozat + tartalomjegyz\u00e9k<\/span><\/p>\n<p style=\"text-align: justify;\"><em><span style=\"color: #003366;\">Hat\u00e1rid\u0151k:<\/span><\/em><\/p>\n<p><span style=\"color: #003366;\"><strong><u>Osztatlan \u00e9s r\u00f6vid ciklus\u00fa \u00e9s p\u00e1rhuzamos tan\u00e1rk\u00e9pz\u00e9sen:<br \/>\n<\/u><\/strong>Z\u00e1r\u00f3vizsg\u00e1ra val\u00f3 bejelentkez\u00e9s a Modul\u00f3n: 2026.\u00a0 \u00e1prilis 01\u201315. (szerda 14:59)<\/span><br \/>\n<span style=\"color: #003366;\">Szakdolgozat felt\u00f6lt\u00e9se \u00e9s lead\u00e1sa: 2026.\u00a0 \u00e1prilis 01\u201315. (szerda 14:59)<\/span><br \/>\n<span style=\"color: #003366;\">Portf\u00f3li\u00f3 felt\u00f6lt\u00e9se \u00e9s lead\u00e1sa: 2026. m\u00e1jus 15\u201320. (szerda, d\u00e9lel\u0151tt 09:59)<\/span><br \/>\n<span style=\"color: #003366;\">Osztatlanos szakdolgozat v\u00e9d\u00e9se: 2026. m\u00e1jus 26-29.<\/span><\/p>\n<p><span style=\"color: #003366;\"><strong><u>BA, MA, Szakir\u00e1ny\u00fa tov\u00e1bbk\u00e9pz\u00e9sen:<br \/>\n<\/u><\/strong>Z\u00e1r\u00f3vizsg\u00e1ra val\u00f3 bejelentkez\u00e9s a Modul\u00f3n: 2026. \u00e1prilis 14\u2013<span style=\"color: #ff0000;\"><span style=\"color: #003366;\">m\u00e1jus 04. (h\u00e9tf\u0151, 14:59)<\/span> <\/span><\/span><br \/>\n<span style=\"color: #003366;\">Szakdolgozat felt\u00f6lt\u00e9se \u00e9s lead\u00e1sa: 2026. \u00e1prilis 14\u2013m\u00e1jus 04. (h\u00e9tf\u0151, 14:59) <\/span><br \/>\n<span style=\"color: #003366;\">R\u00e9gi t\u00edpus\u00fa (k\u00e9tciklus\u00fa) tan\u00e1ri MA portf\u00f3li\u00f3j\u00e1nak felt\u00f6lt\u00e9se \u00e9s lead\u00e1sa: 2026. m\u00e1jus 15\u201320. (szerda, d\u00e9lel\u0151tt 09:59)<\/span><\/p>\n<p style=\"text-align: left;\"><span style=\"color: #003366;\"><strong>Azoknak a hallgat\u00f3knak is be kell jelentkezni\u00fck z\u00e1r\u00f3vizsg\u00e1ra \u00e9s a szakdolgozat\u00e1t \u00e9s\/vagy portf\u00f3li\u00f3j\u00e1t is \u00fajra fel kell t\u00f6lteni\u00fck, akik ism\u00e9telt z\u00e1r\u00f3vizsg\u00e1t tesznek<\/strong> (kor\u00e1bban m\u00e1r z\u00e1r\u00f3vizsg\u00e1ztak, de a z\u00e1r\u00f3vizsga egyik r\u00e9sze pl.: opponens, v\u00e9d\u00e9s, elm\u00e9leti k\u00e9rd\u00e9s nem siker\u00fclt vagy nem szerezte meg id\u0151re az abszolut\u00f3riumot). Ism\u00e9telt z\u00e1r\u00f3vizsg\u00e1z\u00f3 hallgat\u00f3knak a pl\u00e1giumnyilatkozatot \u00e9s az MI nyilatkozatot is csatolniuk kell.<br \/>\n<\/span><\/p>\n<p style=\"text-align: justify;\"><span style=\"color: #003366;\">\u2013 Amennyiben a hallgat\u00f3 ism\u00e9telt z\u00e1r\u00f3vizsg\u00e1t tesz, akkor<\/span><br \/>\n<span style=\"color: #003366;\">1) a kor\u00e1bban m\u00e1r sikeresre (legal\u00e1bb el\u00e9gs\u00e9gesre) \u00e9rt\u00e9kelt szakdolgozatot<\/span><br \/>\n<span style=\"color: #003366;\">a) az egy \u00e9ven bel\u00fcli ism\u00e9telt z\u00e1r\u00f3vizsga eset\u00e9n<\/span><br \/>\n<span style=\"color: #003366;\">aa) az eredeti c\u00edm meghagy\u00e1sa mellett \u2013 m\u00f3dos\u00edthatja (jav\u00edthatja) a hallgat\u00f3 az aktu\u00e1lis formai-tartalmi k\u00f6vetelm\u00e9nyek betart\u00e1s\u00e1val, az aktu\u00e1lis \u00e9vsz\u00e1m felt\u00fcntet\u00e9s\u00e9vel, \u00e9s ebben az esetben \u00faj b\u00edr\u00e1latot kap, <\/span><span style=\"color: #003366;\">vagy<\/span><br \/>\n<span style=\"color: #003366;\">ab) az eredeti form\u00e1ban t\u00f6ltheti fel a Modul\u00f3ba (az eredeti \u00e9vsz\u00e1m meghagy\u00e1s\u00e1val, tartalmi- formai m\u00f3dos\u00edt\u00e1s n\u00e9lk\u00fcl), \u00e9s ebben az esetben az eredeti b\u00edr\u00e1latok maradnak \u00e9rv\u00e9nyben;<\/span><br \/>\n<span style=\"color: #003366;\">b) az egy \u00e9ven t\u00fali ism\u00e9telt z\u00e1r\u00f3vizsga eset\u00e9n: <\/span><span style=\"color: #003366;\">az eredeti form\u00e1ban kell felt\u00f6lteni a Modul\u00f3ba (az eredeti \u00e9vsz\u00e1m meghagy\u00e1s\u00e1val, tartalmi-formai m\u00f3dos\u00edt\u00e1s n\u00e9lk\u00fcl), \u00e9s ebben az esetben az eredeti b\u00edr\u00e1latok maradnak \u00e9rv\u00e9nyben,<\/span><br \/>\n<span style=\"color: #003366;\">2) a kor\u00e1bbi z\u00e1r\u00f3vizsga alkalm\u00e1val el\u00e9gtelenre (1) \u00e9rt\u00e9kelt szakdolgozatot m\u00f3dos\u00edthatja (jav\u00edthatja) a hallgat\u00f3 az aktu\u00e1lis formai-tartalmi k\u00f6vetelm\u00e9nyek betart\u00e1s\u00e1val, az aktu\u00e1lis \u00e9vsz\u00e1m felt\u00fcntet\u00e9s\u00e9vel, \u00e9s ebben az esetben \u00faj b\u00edr\u00e1latot kap.<\/span><\/p>\n<p><span style=\"color: #003366;\">Tov\u00e1bbi inform\u00e1ci\u00f3k a Tanulm\u00e1nyi Oszt\u00e1ly honlapj\u00e1n tal\u00e1lhat\u00f3ak:<\/span><br \/>\n<span style=\"color: #003366;\"><a style=\"color: #003366;\" href=\"https:\/\/arts.u-szeged.hu\/oktatas\/tanulmanyi-osztaly\/tajekoztatok\">https:\/\/arts.u-szeged.hu\/oktatas\/tanulmanyi-osztaly\/tajekoztatok<\/a><\/span><\/p>\n<p><a href=\"https:\/\/hispanisztikaszeged.hu\/wp-content\/uploads\/2026\/04\/Tudnivalok2026.docx\"><strong><span style=\"color: #003366;\">A szakdolgozat lead\u00e1s\u00e1val kapcsolatos tudnival\u00f3k<\/span><\/strong><\/a><\/p>\n<hr \/>\n<h2 style=\"text-align: justify;\"><span style=\"color: #003366;\">Tant\u00e1rgyi z\u00e1r\u00f3vizsga t\u00e9telek, szigorlat<\/span><\/h2>\n<p style=\"text-align: justify;\"><span style=\"color: #003366;\"><strong>BA K\u00c9PZ\u00c9S<br \/>\n<\/strong>A BA spanyol szakir\u00e1ny <em>tant\u00e1rgyi z\u00e1r\u00f3vizsg\u00e1j\u00e1nak<\/em> t\u00e9telsorai a k\u00f6vetkez\u0151k:<\/span><br \/>\n<span style=\"color: #003366;\"><strong><a style=\"color: #003366;\" href=\"https:\/\/hispanisztikaszeged.hu\/wp-content\/uploads\/2016\/10\/minor-zaroszig-civ2023.doc\" target=\"_blank\" rel=\"noopener\">Civiliz\u00e1ci\u00f3<\/a> <\/strong>2023 tavasz\u00e1t\u00f3l<\/span><br \/>\n<span style=\"color: #003366;\"> <strong> <a style=\"color: #003366;\" href=\"https:\/\/hispanisztikaszeged.hu\/wp-content\/uploads\/2016\/10\/zv_irodalom2016.pdf\" target=\"_blank\" rel=\"noopener\">Irodalom<\/a>\u00a0 <\/strong>2016 \u0151sz\u00e9t\u0151l<\/span><br \/>\n<span style=\"color: #003366;\"> <strong> <a style=\"color: #003366;\" href=\"https:\/\/hispanisztikaszeged.hu\/wp-content\/uploads\/2016\/10\/minorzaroszignyelv.pdf\" target=\"_blank\" rel=\"noopener\">Nyelv\u00e9szet<\/a><\/strong><\/span><\/p>\n<p style=\"text-align: justify;\"><span style=\"color: #003366;\">A BA \u00dajlatin nyelvek \u00e9s kult\u00far\u00e1k spanyol\u00a0szakir\u00e1ny <em>szakz\u00e1r\u00f3vizsg\u00e1j\u00e1nak<\/em> lebonyol\u00edt\u00e1sa a k\u00f6vetkez\u0151:<\/span><\/p>\n<ul style=\"text-align: justify;\">\n<li><span style=\"color: #003366;\">szakdolgozat v\u00e9d\u00e9se<\/span><\/li>\n<li><span style=\"color: #003366;\">a szakdolgozat t\u00e9m\u00e1j\u00e1ban az opponens \u00e1ltal feltett 2 elm\u00e9leti k\u00e9rd\u00e9s megv\u00e1laszol\u00e1sa<\/span><\/li>\n<\/ul>\n","protected":false},"excerpt":{"rendered":"<p>Tanulm\u00e1nyi \u00fcgyekben Dr. Csik\u00f3s Zsuzsanna egyetemi docenshez fordulhatnak a csikoszs @ hist.u-szeged.hu c\u00edmen. Alapvizsga A spanyol alapvizsga lebonyol\u00edt\u00e1s\u00e1nak rendje Az alapvizsga \u00f6sszet\u00e9tele A spanyol alapvizsga egy \u00edr\u00e1sbeli \u00e9s egy sz\u00f3beli r\u00e9szvizsg\u00e1b\u00f3l \u00e1ll.1.1. Az \u00edr\u00e1sbeli alapvizsga k\u00e9t r\u00e9szfeladatb\u00f3l \u00e1ll: 1. nyelvi <a href=\"https:\/\/hispanisztikaszeged.hu\/?page_id=204\" class=\"read-more\">Read More &#8230;<\/a><\/p>\n","protected":false},"author":2,"featured_media":0,"parent":10,"menu_order":0,"comment_status":"closed","ping_status":"closed","template":"","meta":{"footnotes":""},"class_list":["post-204","page","type-page","status-publish","hentry"],"_links":{"self":[{"href":"https:\/\/hispanisztikaszeged.hu\/index.php?rest_route=\/wp\/v2\/pages\/204","targetHints":{"allow":["GET"]}}],"collection":[{"href":"https:\/\/hispanisztikaszeged.hu\/index.php?rest_route=\/wp\/v2\/pages"}],"about":[{"href":"https:\/\/hispanisztikaszeged.hu\/index.php?rest_route=\/wp\/v2\/types\/page"}],"author":[{"embeddable":true,"href":"https:\/\/hispanisztikaszeged.hu\/index.php?rest_route=\/wp\/v2\/users\/2"}],"replies":[{"embeddable":true,"href":"https:\/\/hispanisztikaszeged.hu\/index.php?rest_route=%2Fwp%2Fv2%2Fcomments&post=204"}],"version-history":[{"count":139,"href":"https:\/\/hispanisztikaszeged.hu\/index.php?rest_route=\/wp\/v2\/pages\/204\/revisions"}],"predecessor-version":[{"id":2801,"href":"https:\/\/hispanisztikaszeged.hu\/index.php?rest_route=\/wp\/v2\/pages\/204\/revisions\/2801"}],"up":[{"embeddable":true,"href":"https:\/\/hispanisztikaszeged.hu\/index.php?rest_route=\/wp\/v2\/pages\/10"}],"wp:attachment":[{"href":"https:\/\/hispanisztikaszeged.hu\/index.php?rest_route=%2Fwp%2Fv2%2Fmedia&parent=204"}],"curies":[{"name":"wp","href":"https:\/\/api.w.org\/{rel}","templated":true}]}}