{"id":183,"date":"2016-10-27T07:19:28","date_gmt":"2016-10-27T07:19:28","guid":{"rendered":"http:\/\/hispanisztikaszeged.hu\/wordpress\/?page_id=183"},"modified":"2022-12-28T15:14:13","modified_gmt":"2022-12-28T14:14:13","slug":"acta-hispanica","status":"publish","type":"page","link":"https:\/\/hispanisztikaszeged.hu\/?page_id=183","title":{"rendered":"Acta Hispanica"},"content":{"rendered":"<p style=\"text-align: justify;\"><span style=\"color: #003366;\">Az Acta Hispanica a Hispanisztika Tansz\u00e9k 1996 \u00f3ta \u00e9vente megjelen\u0151 tudom\u00e1nyos foly\u00f3irata. A hisp\u00e1n kult\u00far\u00e1val, t\u00f6rt\u00e9nelemmel, irodalommal \u00e9s a spanyol nyelv\u00e9szettel kapcsolatos cikkeket, tanulm\u00e1nyokat k\u00f6z\u00f6l els\u0151sorban spanyol, katal\u00e1n, galego vagy portug\u00e1l &#8211; esetenk\u00e9nt angol &#8211; nyelven.<\/span><\/p>\n<p style=\"text-align: justify;\"><span style=\"color: #003366;\"><strong>Instrukci\u00f3k a szerz\u0151knek<\/strong><\/span><\/p>\n<p style=\"text-align: justify;\"><span style=\"color: #003366;\">A szerz\u0151knek tanulm\u00e1nyaikat egy regisztr\u00e1ci\u00f3t k\u00f6vet\u0151en a foly\u00f3irat OJS platformj\u00e1ra kell felt\u00f6lteni\u00fck:\u00a0https:\/\/ojs.bibl.u-szeged.hu\/index.php\/acthisp.\u00a0Minden megjelentet\u00e9sre sz\u00e1nt cikket az adott t\u00e9ma k\u00e9t szak\u00e9rt\u0151je v\u00e9lem\u00e9nyez \u00e9s javaslatot tesz annak publik\u00e1l\u00e1sra vagy az esetleges m\u00f3dos\u00edt\u00e1sokra vonatkoz\u00f3an. A b\u00edr\u00e1lat eredm\u00e9ny\u00e9r\u0151l \u00e9s a megjelentet\u00e9s folyamat\u00e1r\u00f3l a szerz\u0151 az Open Journal rendszer oldal\u00e1n kereszt\u00fcl kap t\u00e1j\u00e9koztat\u00e1st. A cikkek tartalm\u00e1\u00e9rt \u00e9s k\u00f6z\u00f6lhet\u0151s\u00e9g\u00e9\u00e9rt a szerz\u0151 a felel\u0151s.<\/span><\/p>\n<p style=\"text-align: justify;\"><span style=\"color: #003366;\"><em>Formai \u00fatmutat\u00f3<\/em><\/span><br \/>\n<span style=\"color: #003366;\"> Az elektronikus dokumentumok terjedelme a hivatkoz\u00e1sokkal egy\u00fctt nem haladhatja meg a 30 000 karaktert. A tanulm\u00e1nyokra vonatkoz\u00f3 formai k\u00f6vetelm\u00e9nyeket \u00e9s hivatkoz\u00e1si szab\u00e1lyokat <a href=\"https:\/\/hispanisztikaszeged.hu\/wp-content\/uploads\/2016\/10\/ACTA-2019-\u00faj-norm\u00e1k.docx\" target=\"_blank\">itt<\/a>\u00a0olvashatj\u00e1k.<\/span><\/p>\n<p style=\"text-align: justify;\"><span style=\"color: #003366;\"><strong>Az Acta Hispanica r\u00f6vid t\u00f6rt\u00e9nete <\/strong><\/span><br \/>\n<span style=\"color: #003366;\"> A hisp\u00e1n t\u00e9m\u00e1j\u00fa kutat\u00e1sok elind\u00edt\u00e1sa a Szegedi Tudom\u00e1nyegyetemen Wittman Tibor nev\u00e9hez f\u0171z\u0151dik. \u0150 alap\u00edtotta meg 1967-ben a k\u00f6z\u00e9pkori egyetemes t\u00f6rt\u00e9neti \u00e9s a Latin-Amerika t\u00f6rt\u00e9nete tansz\u00e9ket, \u00e9s ezzel p\u00e1rhuzamosan megsz\u00fcletett szint\u00e9n ebben az \u00e9vben az Acta Hist\u00f3rica Studia Latinoamericana sorozat, melynek 1992-ig 15 k\u00f6tete jelent meg. 1992-ben m\u00e1r m\u0171k\u00f6d\u00f6tt az Anderle \u00c1d\u00e1m \u00e1ltal elind\u00edtott spanyol nyelv\u0171 k\u00e9pz\u00e9s, mely 1993-as tansz\u00e9kk\u00e9 alakul\u00e1sa ut\u00e1n tov\u00e1bb folytatta a m\u00e1r megkezdett latin-amerikai t\u00e9m\u00e1j\u00fa kutat\u00e1sokat, kit\u00e1g\u00edtva az \u00e9rdekl\u0151d\u00e9si k\u00f6rt spanyolorsz\u00e1gi t\u00e9m\u00e1kra nem csak t\u00f6rt\u00e9nelmi, de nyelv\u00e9szeti, n\u00e9prajzi, irodalmi ter\u00fcleteken is.<\/span><\/p>\n<p style=\"text-align: justify;\"><span style=\"color: #003366;\">Alig h\u00e1rom \u00e9vvel a tansz\u00e9k alap\u00edt\u00e1sa ut\u00e1n a Studia Latinoamericana ut\u00f3djak\u00e9nt 1996-ban egy \u00faj foly\u00f3irat jelent meg, a tansz\u00e9k spanyol nyelv\u0171 \u00e9vk\u00f6nyve, az Acta Hispanica. Az \u00e9vk\u00f6nyv szerkeszt\u0151bizotts\u00e1g\u00e1ban kezdetben Anderle \u00c1d\u00e1m, Dornbach M\u00e1ria, Hars\u00e1nyi Iv\u00e1n \u00e9s Kulin Katalin szerepeltek. A k\u00f6vetkez\u0151 \u00e9vekben a k\u00fcl\u00f6nb\u00f6z\u0151 sz\u00e1mokban v\u00e1ltozott az \u00f6sszet\u00e9tel \u00e9s a n\u00e9vsor kieg\u00e9sz\u00fclt Bogl\u00e1r Lajossal, Koll\u00e1r Zolt\u00e1nnal, Fischer Ferenccel, Horv\u00e1th Gyul\u00e1val, Szil\u00e1gyi Istv\u00e1nnal, Sz\u00e1szdi Istv\u00e1nnal, Berta Tiborral, Csik\u00f3s Zsuzsann\u00e1val. Az \u00e9vk\u00f6nyvben civiliz\u00e1ci\u00f3s, irodalmi, nyelv\u00e9szeti \u00e9s m\u00f3dszertani t\u00e9m\u00e1k egyar\u00e1nt megjelentek.<\/span><\/p>\n<p style=\"text-align: justify;\"><span style=\"color: #003366;\">Az elm\u00falt 12 \u00e9vben a tansz\u00e9k oktat\u00f3i \u00e9s m\u00e1s egyetemek kutat\u00f3i mellett lektoraink, illetve doktorandusz hallgat\u00f3k is lehet\u0151s\u00e9gek kaptak arra, hogy az \u00e9vk\u00f6nyv oldalain sz\u00e1moljanak be kutat\u00e1si eredm\u00e9nyeikr\u0151l. Egyes \u00e9vekben a megjelent tanulm\u00e1nyok egy-egy tudom\u00e1ny\u00e1ghoz k\u00f6t\u0151dtek, illetve tematikus sz\u00e1mokkal is jelentkezett az Acta.<\/span><\/p>\n<p style=\"text-align: justify;\"><span style=\"color: #003366;\">Az els\u0151 12 k\u00f6tetnek Anderle \u00c1d\u00e1m volt a f\u0151szerkeszt\u0151je. 2008-ban Berta Tibor vette \u00e1t Anderle \u00c1d\u00e1mt\u00f3l a tansz\u00e9k vezet\u00e9s\u00e9t, ezzel p\u00e1rhuzamosan az \u00faj tansz\u00e9kvezet\u0151 lett az \u00e9vk\u00f6nyv \u00faj f\u0151szerkeszt\u0151je is. Berta Tibor tov\u00e1bb szerette volna folytatni a kor\u00e1bbi hagyom\u00e1nyokat, az \u00e9vk\u00f6nyv soksz\u00edn\u0171 tematik\u00e1j\u00e1val, azonban az \u00faj f\u0151szerkeszt\u0151 szem\u00e9lye m\u00e1r az els\u0151 k\u00f6tetben v\u00e1ltoz\u00e1sokat is hozott, az \u00e9vk\u00f6nyv arculata meg\u00fajult. Az \u00faj tansz\u00e9kvezet\u0151 \u2013 \u0151rizve a hagyom\u00e1nyokat \u2013 m\u00e1s kutat\u00f3k\u00f6zpontok hispanist\u00e1i fel\u00e9 is fordul, amikor rem\u00e9ny\u00e9t fejezi ki, hogy a j\u00f6v\u0151ben is egy\u00fcttm\u0171k\u00f6dnek \u00e9vk\u00f6nyv\u00fcnkkel. 2014-ben Csik\u00f3s Zsuzsanna, a Hispanisztika Tansz\u00e9k \u00faj vezet\u0151je lett a f\u0151szerkeszt\u0151, aki az el\u0151dje \u00e1ltal megkezdett ir\u00e1nyt k\u00edv\u00e1nja folytatni \u00e9s a foly\u00f3iratot t\u00f6bbek k\u00f6z\u00f6tt index\u00e1lt kiadv\u00e1nny\u00e1 alak\u00edtani, \u00edgy n\u00f6velve tov\u00e1bb annak elismerts\u00e9g\u00e9t \u00e9s tekint\u00e9ly\u00e9t.<\/span><\/p>\n<p>&nbsp;<\/p>\n<p><span style=\"color: #003366;\"><strong>Az Acta Hispanica k\u00f6tetei &#8211; A foly\u00f3irat el\u00e9rhet\u0151 az Open Journal System foly\u00f3irat-platformon: <a href=\"https:\/\/ojs.bibl.u-szeged.hu\/index.php\/acthisp\" target=\"_blank\">Acta Hispanica<\/a><\/strong><\/span><\/p>\n<p><span style=\"color: #003366;\">TOMUS XXVII (2022) <a style=\"color: #003366;\" href=\"https:\/\/hispanisztikaszeged.hu\/wp-content\/uploads\/2016\/10\/Acta_Hisp_Vol_27.pdf\" target=\"_blank\">let\u00f6lthet\u0151 verzi\u00f3<\/a><\/span><br \/>\n<span style=\"color: #003366;\">SUPPLEMENTUM IV (2022) <a style=\"color: #003366;\" href=\"https:\/\/hispanisztikaszeged.hu\/wp-content\/uploads\/2016\/10\/Acta_Hisp_SupplIV_2022.pdf\" target=\"_blank\">let\u00f6lthet\u0151 verzi\u00f3<\/a><\/span><br \/>\n<span style=\"color: #003366;\">TOMUS XXVI (2021) <a style=\"color: #003366;\" href=\"https:\/\/hispanisztikaszeged.hu\/wp-content\/uploads\/2016\/10\/Acta_Hisp_26.pdf\" target=\"_blank\">let\u00f6lthet\u0151 verzi\u00f3<\/a><\/span><br \/>\n<span style=\"color: #003366;\">SUPPLEMENTUM III (2021) <a style=\"color: #003366;\" href=\"https:\/\/hispanisztikaszeged.hu\/wp-content\/uploads\/2016\/10\/Acta_Hisp_SuplIII_2021.pdf\" target=\"_blank\">let\u00f6lthet\u0151 verzi\u00f3<\/a><\/span><br \/>\n<span style=\"color: #003366;\">TOMUS XXV (2020) <a style=\"color: #003366;\" href=\"https:\/\/hispanisztikaszeged.hu\/wp-content\/uploads\/2016\/10\/Acta_Hisp_Vol_25.pdf\" target=\"_blank\">let\u00f6lthet\u0151 verzi\u00f3<\/a><\/span><br \/>\n<span style=\"color: #003366;\">SUPPLEMENTUM II (2020) <a style=\"color: #003366;\" href=\"https:\/\/hispanisztikaszeged.hu\/wp-content\/uploads\/2016\/10\/Acta_Hisp_SupplII_2020.pdf\" target=\"_blank\">let\u00f6lthet\u0151 verzi\u00f3<\/a><\/span><br \/>\n<span style=\"color: #003366;\">TOMUS XXIV (2019) <a style=\"color: #003366;\" href=\"https:\/\/hispanisztikaszeged.hu\/wp-content\/uploads\/2016\/10\/acta24.pdf\" target=\"_blank\">let\u00f6lthet\u0151 verzi\u00f3<\/a><\/span><br \/>\n<span style=\"color: #003366;\">SUPPLEMENTUM I (2018) <a style=\"color: #003366;\" href=\"https:\/\/hispanisztikaszeged.hu\/wp-content\/uploads\/2016\/10\/Acta_Hisp_SupplI_2018.pdf\" target=\"_blank\">let\u00f6lthet\u0151 verzi\u00f3<\/a><\/span><br \/>\n<span style=\"color: #003366;\">TOMUS XXIII (2018) <a style=\"color: #003366;\" href=\"https:\/\/hispanisztikaszeged.hu\/wp-content\/uploads\/2016\/10\/acta23.pdf\" target=\"_blank\">let\u00f6lthet\u0151 verzi\u00f3<\/a><br \/>\nTOMUS XXII (2017) <a style=\"color: #003366;\" href=\"https:\/\/hispanisztikaszeged.hu\/wp-content\/uploads\/2016\/10\/actahispanica22.pdf\" target=\"_blank\">let\u00f6lthet\u0151 verzi\u00f3<\/a><br \/>\nTOMUS XXI (2016)\u00a0 <a style=\"color: #003366;\" href=\"https:\/\/hispanisztikaszeged.hu\/wp-content\/uploads\/2016\/10\/acta21.pdf\" target=\"_blank\">let\u00f6lthet\u0151 verzi\u00f3<\/a><br \/>\nTOMUS XX (2015)\u00a0 <a style=\"color: #003366;\" href=\"https:\/\/hispanisztikaszeged.hu\/wp-content\/uploads\/2016\/10\/acta20.pdf\" target=\"_blank\">let\u00f6lthet\u0151 verzi\u00f3<\/a><\/span><br \/>\n<span style=\"color: #003366;\"> TOMUS XIX (2014) <a style=\"color: #003366;\" href=\"https:\/\/hispanisztikaszeged.hu\/wp-content\/uploads\/2016\/10\/acta19.pdf\">let\u00f6lthet\u0151 verzi\u00f3<\/a><\/span><br \/>\n<span style=\"color: #003366;\"> TOMUS XVIII (2013) <a style=\"color: #003366;\" href=\"https:\/\/hispanisztikaszeged.hu\/wp-content\/uploads\/2016\/10\/acta18.pdf\">let\u00f6lthet\u0151 verzi\u00f3<\/a><\/span><br \/>\n<span style=\"color: #003366;\"> TOMUS XVII (2012)\u00a0 <a style=\"color: #003366;\" href=\"https:\/\/hispanisztikaszeged.hu\/wp-content\/uploads\/2016\/10\/acta17.pdf\">let\u00f6lthet\u0151 verzi\u00f3<\/a><\/span><br \/>\n<span style=\"color: #003366;\"> TOMUS XVI (2011)\u00a0 <a style=\"color: #003366;\" href=\"https:\/\/hispanisztikaszeged.hu\/wp-content\/uploads\/2016\/10\/acta16.pdf\">let\u00f6lthet\u0151 verzi\u00f3<\/a><\/span><br \/>\n<span style=\"color: #003366;\"> TOMUS XV (2010) <a style=\"color: #003366;\" href=\"https:\/\/hispanisztikaszeged.hu\/wp-content\/uploads\/2016\/10\/acta15.pdf\">let\u00f6lthet\u0151 verzi\u00f3<\/a><\/span><br \/>\n<span style=\"color: #003366;\"> TOMUS XIV (2009)\u00a0 <a style=\"color: #003366;\" href=\"https:\/\/hispanisztikaszeged.hu\/wp-content\/uploads\/2016\/11\/acta14.pdf\">let\u00f6lthet\u0151 verzi\u00f3<\/a><\/span><br \/>\n<span style=\"color: #003366;\"> TOMUS XIII (2008)\u00a0 <a style=\"color: #003366;\" href=\"https:\/\/hispanisztikaszeged.hu\/wp-content\/uploads\/2016\/11\/acta13.pdf\">let\u00f6lthet\u0151 verzi\u00f3<\/a><\/span><br \/>\n<span style=\"color: #003366;\"> TOMUS XII (2007)\u00a0 <a style=\"color: #003366;\" href=\"https:\/\/hispanisztikaszeged.hu\/wp-content\/uploads\/2016\/11\/acta12.pdf\">let\u00f6lthet\u0151 verzi\u00f3<\/a><\/span><br \/>\n<span style=\"color: #003366;\"> TOMUS XI (2006)\u00a0 <a style=\"color: #003366;\" href=\"https:\/\/hispanisztikaszeged.hu\/wp-content\/uploads\/2016\/11\/acta11.pdf\">let\u00f6lthet\u0151 verzi\u00f3<\/a><\/span><br \/>\n<span style=\"color: #003366;\"> TOMUS X (2005)\u00a0 <a style=\"color: #003366;\" href=\"https:\/\/hispanisztikaszeged.hu\/wp-content\/uploads\/2016\/11\/acta10.pdf\">let\u00f6lthet\u0151 verzi\u00f3<\/a><\/span><br \/>\n<span style=\"color: #003366;\"> TOMUS IX (2004)\u00a0 <a style=\"color: #003366;\" href=\"https:\/\/hispanisztikaszeged.hu\/wp-content\/uploads\/2016\/11\/acta9.pdf\">let\u00f6lthet\u0151 verzi\u00f3<\/a><\/span><br \/>\n<span style=\"color: #003366;\"> TOMUS VIII (2003)\u00a0 <a style=\"color: #003366;\" href=\"https:\/\/hispanisztikaszeged.hu\/wp-content\/uploads\/2016\/11\/acta8.pdf\">let\u00f6lthet\u0151 verzi\u00f3<\/a><\/span><br \/>\n<span style=\"color: #003366;\"> TOMUS VII (2002)\u00a0 <a style=\"color: #003366;\" href=\"https:\/\/hispanisztikaszeged.hu\/wp-content\/uploads\/2016\/11\/acta7.pdf\">let\u00f6lthet\u0151 verzi\u00f3<\/a><\/span><br \/>\n<span style=\"color: #003366;\"> TOMUS VI (2001) <a style=\"color: #003366;\" href=\"https:\/\/hispanisztikaszeged.hu\/wp-content\/uploads\/2016\/11\/acta6.pdf\">let\u00f6lthet\u0151 verzi\u00f3<\/a><\/span><br \/>\n<span style=\"color: #003366;\"> TOMUS V (2000)\u00a0 <a style=\"color: #003366;\" href=\"https:\/\/hispanisztikaszeged.hu\/wp-content\/uploads\/2016\/11\/acta5.pdf\">let\u00f6lthet\u0151 verzi\u00f3<\/a><\/span><br \/>\n<span style=\"color: #003366;\"> TOMUS IV (1999)\u00a0 <a style=\"color: #003366;\" href=\"https:\/\/hispanisztikaszeged.hu\/wp-content\/uploads\/2016\/11\/acta4.pdf\">let\u00f6lthet\u0151 verzi\u00f3<\/a><\/span><br \/>\n<span style=\"color: #003366;\"> TOMUS III (1998)\u00a0 <a href=\"https:\/\/hispanisztikaszeged.hu\/wp-content\/uploads\/2016\/11\/acta3.pdf\">let\u00f6lthet\u0151 verzi\u00f3<\/a><\/span><br \/>\n<span style=\"color: #003366;\"> TOMUS II (1997)\u00a0 <a href=\"https:\/\/hispanisztikaszeged.hu\/wp-content\/uploads\/2016\/11\/acta2.pdf\">let\u00f6lthet\u0151 verzi\u00f3<\/a><\/span><br \/>\n<span style=\"color: #003366;\"> TOMUS I (1996)\u00a0 <a href=\"https:\/\/hispanisztikaszeged.hu\/wp-content\/uploads\/2016\/11\/acta1.pdf\">let\u00f6lthet\u0151 verzi\u00f3<\/a><\/span><\/p>\n","protected":false},"excerpt":{"rendered":"<p>Az Acta Hispanica a Hispanisztika Tansz\u00e9k 1996 \u00f3ta \u00e9vente megjelen\u0151 tudom\u00e1nyos foly\u00f3irata. A hisp\u00e1n kult\u00far\u00e1val, t\u00f6rt\u00e9nelemmel, irodalommal \u00e9s a spanyol nyelv\u00e9szettel kapcsolatos cikkeket, tanulm\u00e1nyokat k\u00f6z\u00f6l els\u0151sorban spanyol, katal\u00e1n, galego vagy portug\u00e1l &#8211; esetenk\u00e9nt angol &#8211; nyelven. Instrukci\u00f3k a szerz\u0151knek A <a href=\"https:\/\/hispanisztikaszeged.hu\/?page_id=183\" class=\"read-more\">Read More &#8230;<\/a><\/p>\n","protected":false},"author":3,"featured_media":0,"parent":137,"menu_order":1,"comment_status":"closed","ping_status":"closed","template":"","meta":{"footnotes":""},"class_list":["post-183","page","type-page","status-publish","hentry"],"_links":{"self":[{"href":"https:\/\/hispanisztikaszeged.hu\/index.php?rest_route=\/wp\/v2\/pages\/183","targetHints":{"allow":["GET"]}}],"collection":[{"href":"https:\/\/hispanisztikaszeged.hu\/index.php?rest_route=\/wp\/v2\/pages"}],"about":[{"href":"https:\/\/hispanisztikaszeged.hu\/index.php?rest_route=\/wp\/v2\/types\/page"}],"author":[{"embeddable":true,"href":"https:\/\/hispanisztikaszeged.hu\/index.php?rest_route=\/wp\/v2\/users\/3"}],"replies":[{"embeddable":true,"href":"https:\/\/hispanisztikaszeged.hu\/index.php?rest_route=%2Fwp%2Fv2%2Fcomments&post=183"}],"version-history":[{"count":28,"href":"https:\/\/hispanisztikaszeged.hu\/index.php?rest_route=\/wp\/v2\/pages\/183\/revisions"}],"predecessor-version":[{"id":1888,"href":"https:\/\/hispanisztikaszeged.hu\/index.php?rest_route=\/wp\/v2\/pages\/183\/revisions\/1888"}],"up":[{"embeddable":true,"href":"https:\/\/hispanisztikaszeged.hu\/index.php?rest_route=\/wp\/v2\/pages\/137"}],"wp:attachment":[{"href":"https:\/\/hispanisztikaszeged.hu\/index.php?rest_route=%2Fwp%2Fv2%2Fmedia&parent=183"}],"curies":[{"name":"wp","href":"https:\/\/api.w.org\/{rel}","templated":true}]}}