{"id":157,"date":"2016-10-26T20:22:43","date_gmt":"2016-10-26T20:22:43","guid":{"rendered":"http:\/\/hispanisztikaszeged.hu\/wordpress\/?page_id=157"},"modified":"2024-02-16T21:44:20","modified_gmt":"2024-02-16T20:44:20","slug":"phd-kepzes","status":"publish","type":"page","link":"https:\/\/hispanisztikaszeged.hu\/?page_id=157","title":{"rendered":"Di\u00e1k tudom\u00e1nyos \u00e9let"},"content":{"rendered":"<p><span style=\"color: #003366;\"><strong>A Hispanisztika Tansz\u00e9k Tudom\u00e1nyos Di\u00e1kk\u00f6ri tev\u00e9kenys\u00e9ge<\/strong><\/span><\/p>\n<p><span style=\"color: #003366;\">Tansz\u00e9k\u00fcnk megalakul\u00e1sa \u00f3ta nagy hangs\u00falyt helyez a tehets\u00e9ges di\u00e1kok t\u00e1mogat\u00e1s\u00e1ra, kutat\u00e1saik b\u00e1tor\u00edt\u00e1s\u00e1ra. Ennek egyik sz\u00edntere a Tudom\u00e1nyos Di\u00e1kk\u00f6ri tev\u00e9kenys\u00e9g, melyen hallgat\u00f3ink 1997 \u00f3ta k\u00e9pviselik egyetem\u00fcnket \u00e9s sz\u00e1mot adnak a tansz\u00e9k\u00fcnk\u00f6n foly\u00f3 kutat\u00f3munka eredm\u00e9nyeir\u0151l.<\/span><\/p>\n<p><span style=\"color: #003366;\">Az OTDK honlapja, aktu\u00e1lis inform\u00e1ci\u00f3kkal: <a style=\"color: #003366;\" href=\"https:\/\/otdk.hu\/\">https:\/\/otdk.hu\/<\/a><\/span><\/p>\n<p><span style=\"color: #003366;\">Tansz\u00e9ki TDK-felel\u0151s: Dr. Katona Eszter<\/span><\/p>\n<h6><span style=\"color: #003366;\"><strong>Orsz\u00e1gos Tudom\u00e1nyos Di\u00e1kk\u00f6ri Konferenci\u00e1n indul\u00f3 hallgat\u00f3ink<\/strong><\/span><\/h6>\n<table>\n<tbody>\n<tr>\n<td width=\"59\"><strong>\u00c9v<\/strong><\/td>\n<td width=\"116\"><strong>N\u00e9v<\/strong><\/td>\n<td width=\"391\"><strong>P\u00e1lyamunka c\u00edme, el\u00e9rt helyez\u00e9s, t\u00e9mavezet\u0151<\/strong><\/td>\n<\/tr>\n<tr>\n<td width=\"59\">1997<\/td>\n<td width=\"116\">B\u00e1n M\u00f3nika<\/td>\n<td width=\"391\">Az ekh\u00f3s vers poetik\u00e1ja, k\u00fcl\u00f6nd\u00edj (Dr.V\u00edgh \u00c9va, Dr.\u00d6tv\u00f6s P\u00e9ter)<\/td>\n<\/tr>\n<tr>\n<td width=\"59\">1997<\/td>\n<td width=\"116\">Jancs\u00f3 Katalin<\/td>\n<td width=\"391\">Serkent\u0151 hat\u00e1s\u00fa latin-amerikai gy\u00f3gyn\u00f6v\u00e9nyek a gy\u00f3gy\u00e1szatban, k\u00fcl\u00f6nd\u00edj (Dr. T\u00f3th \u00c1gnes)<\/td>\n<\/tr>\n<tr>\n<td width=\"59\"><\/td>\n<td width=\"116\"><\/td>\n<td width=\"391\"><\/td>\n<\/tr>\n<tr>\n<td width=\"59\">1999<\/td>\n<td width=\"116\">Ilikmann Anita<\/td>\n<td width=\"391\">Spanyol k\u00f6veti jelent\u00e9sek a magyar szabads\u00e1gharcr\u00f3l (1849 m\u00e1rcius-szeptember) (Dr. Anderle \u00c1d\u00e1m)<\/td>\n<\/tr>\n<tr>\n<td width=\"59\">1999<\/td>\n<td width=\"116\">K\u00e1d\u00e1r Anik\u00f3<\/td>\n<td width=\"391\">A mexik\u00f3i Szabad Magyars\u00e1g foly\u00f3irat \u00e9s a Szabad Magyar Mozgalom (Dr. Anderle \u00c1d\u00e1m)<\/td>\n<\/tr>\n<tr>\n<td width=\"59\">1999<\/td>\n<td width=\"116\">P\u00e9li L\u00e1szl\u00f3<\/td>\n<td width=\"391\">Ram\u00f3n G\u00f3mez de la Serna: Az egyszem\u00e9lyes nemzed\u00e9k(Dr. Cs\u00e9p Attila)<\/td>\n<\/tr>\n<tr>\n<td width=\"59\">1999<\/td>\n<td width=\"116\">Szab\u00f3 Katalin<\/td>\n<td width=\"391\">Spanyolorsz\u00e1g a Katolikus Szeml\u00e9ben (1931-1939) (Dr. Anderle \u00c1d\u00e1m)<\/td>\n<\/tr>\n<tr>\n<td width=\"59\"><\/td>\n<td width=\"116\"><\/td>\n<td width=\"391\"><\/td>\n<\/tr>\n<tr>\n<td width=\"59\">2001<\/td>\n<td width=\"116\">M\u00fcller Gabriella<\/td>\n<td width=\"391\">A marokk\u00f3i h\u00e1bor\u00fa a korabeli magyar sajt\u00f3ban (Dr. Anderle \u00c1d\u00e1m)<\/td>\n<\/tr>\n<tr>\n<td width=\"59\">2001<\/td>\n<td width=\"116\">Neisz Laura<\/td>\n<td width=\"391\">A chilei magyar emigr\u00e1ci\u00f3 1949\u20131956, III. helyezett + k\u00fcl\u00f6nd\u00edj (Dr. Anderle \u00c1d\u00e1m)<\/td>\n<\/tr>\n<tr>\n<td width=\"59\">2001<\/td>\n<td width=\"116\">Vass Eszter<\/td>\n<td width=\"391\">Tirant lo Blanc t\u00f6rt\u00e9nelmi modelljei, k\u00fcl\u00f6nd\u00edj (Dr. Anderle \u00c1d\u00e1m)<\/td>\n<\/tr>\n<tr>\n<td width=\"59\"><\/td>\n<td width=\"116\"><\/td>\n<td width=\"391\"><\/td>\n<\/tr>\n<tr>\n<td width=\"59\">2003<\/td>\n<td width=\"116\">Dombr\u00e1di Helga<\/td>\n<td width=\"391\">Indi\u00e1n-k\u00e9rd\u00e9s Bol\u00edvi\u00e1ban (Dr. Anderle \u00c1d\u00e1m)<\/td>\n<\/tr>\n<tr>\n<td width=\"59\">2003<\/td>\n<td width=\"116\">Domonkos Orsolya<\/td>\n<td width=\"391\">Az ecuadori indi\u00e1n mozgalom a 2001-es felkel\u00e9s t\u00fckr\u00e9ben (Dr. Anderle \u00c1d\u00e1m)<\/td>\n<\/tr>\n<tr>\n<td width=\"59\">2003<\/td>\n<td width=\"116\">Engi Emese<\/td>\n<td width=\"391\">A vas\u00fat t\u00f6rt\u00e9nete Argent\u00edn\u00e1ban \u00e9s a Transz-Andoki Vasutak a magyar \u00e9s az argentin sajt\u00f3ban, I. helyezett (Dr. Nagy Marcel)<\/td>\n<\/tr>\n<tr>\n<td width=\"59\">2003<\/td>\n<td width=\"116\">Horv\u00e1th \u00c1gnes<\/td>\n<td width=\"391\">A mexik\u00f3i N\u00e9pi Akci\u00f3p\u00e1rt (Dr. Anderle \u00c1d\u00e1m)<\/td>\n<\/tr>\n<tr>\n<td width=\"59\">2003<\/td>\n<td width=\"116\">Juh\u00e1sz Katalin<\/td>\n<td width=\"391\">Kuba, az Egyes\u00fclt \u00c1llamok \u00e9s a kubai emigr\u00e1ci\u00f3 (Dr. Anderle \u00c1d\u00e1m)<\/td>\n<\/tr>\n<tr>\n<td width=\"59\">2003<\/td>\n<td width=\"116\">Kasz\u00e1n\u00e9 V\u00e1r\u00f3 Borb\u00e1la<\/td>\n<td width=\"391\">Asszimil\u00e1ci\u00f3 vagy integr\u00e1ci\u00f3? Chicano-probl\u00e9ma az Egyes\u00fclt \u00c1llamokban (Dr. Anderle \u00c1d\u00e1m)<\/td>\n<\/tr>\n<tr>\n<td width=\"59\">2003<\/td>\n<td width=\"116\">L\u00e1szl\u00f3 \u00c9va<\/td>\n<td width=\"391\">Arab-libanoniak Mexik\u00f3ban (Dr. Anderle \u00c1d\u00e1m)<\/td>\n<\/tr>\n<tr>\n<td width=\"59\">2003<\/td>\n<td width=\"116\">Sz\u00e9cs\u00e9nyi Bal\u00e1zs<\/td>\n<td width=\"391\">Drog \u00e9s terrorizmus Kolumbi\u00e1ban (Dr. Anderle \u00c1d\u00e1m)<\/td>\n<\/tr>\n<tr>\n<td width=\"59\">2003<\/td>\n<td width=\"116\">Vir\u00e1gh Anna<\/td>\n<td width=\"391\">\u201eCsak az APRA mentheti meg Perut\u201d? (Dr. Anderle \u00c1d\u00e1m)<\/td>\n<\/tr>\n<tr>\n<td width=\"59\"><\/td>\n<td width=\"116\"><\/td>\n<td width=\"391\"><\/td>\n<\/tr>\n<tr>\n<td width=\"59\">2005<\/td>\n<td width=\"116\">Tari Adrienn<\/td>\n<td width=\"391\">Megjegyz\u00e9sek Aszt\u00faria korak\u00f6z\u00e9pkori \u00e9p\u00edt\u00e9szet\u00e9hez, k\u00fcl\u00f6nd\u00edj (Dr. Anderle \u00c1d\u00e1m)<\/td>\n<\/tr>\n<tr>\n<td width=\"59\"><\/td>\n<td width=\"116\"><\/td>\n<td width=\"391\"><\/td>\n<\/tr>\n<tr>\n<td width=\"59\">2007<\/td>\n<td width=\"116\">Arat\u00f3 Ildik\u00f3<\/td>\n<td width=\"391\">Az uruguayi magyar emigr\u00e1ci\u00f3 1966\u20131975 k\u00f6z\u00f6tt a k\u00fcl\u00fcgyi iratok t\u00fckr\u00e9ben, I. helyezett (Dr. Anderle \u00c1d\u00e1m)<\/td>\n<\/tr>\n<tr>\n<td width=\"59\">2007<\/td>\n<td width=\"116\">Gera Judit<\/td>\n<td width=\"391\">Identit\u00e1s \u00e9s k\u00e9pz\u0151m\u0171v\u00e9szet &#8211; kultur\u00e1lis ellen\u00e1ll\u00e1s Puerto Rico-ban, k\u00fcl\u00f6nd\u00edj (Dr. Tari Adrienn)<\/td>\n<\/tr>\n<tr>\n<td width=\"59\">2007<\/td>\n<td width=\"116\">L\u00e9n\u00e1rt Andr\u00e1s<\/td>\n<td width=\"391\">Spanyol filmpolitika a Franco-korszak idej\u00e9n (Dr. Anderle \u00c1d\u00e1m)<\/td>\n<\/tr>\n<tr>\n<td width=\"59\">2007<\/td>\n<td width=\"116\">Szalai \u00c9va<\/td>\n<td width=\"391\">Diktat\u00far\u00e1b\u00f3l demokr\u00e1ci\u00e1ba? Bela\u00fande Terry m\u00e1sodik korszaka, 1980-85, Peru (Dr. Anderle \u00c1d\u00e1m)<\/td>\n<\/tr>\n<tr>\n<td width=\"59\">2007<\/td>\n<td width=\"116\">T\u00f3th Gy\u00f6ngyi<\/td>\n<td width=\"391\">Egy l\u00e1togat\u00e1s r\u00e9szletei. Fidel Castro Budapesten (Dr. Anderle \u00c1d\u00e1m)<\/td>\n<\/tr>\n<tr>\n<td width=\"59\"><\/td>\n<td width=\"116\"><\/td>\n<td width=\"391\"><\/td>\n<\/tr>\n<tr>\n<td width=\"59\">2009<\/td>\n<td width=\"116\">Arat\u00f3 Ildik\u00f3<\/td>\n<td width=\"391\">A spanyol polg\u00e1rh\u00e1bor\u00fa: &#8222;Rajk L\u00e1szl\u00f3 \u00e9s t\u00e1rsai&#8221; c\u00e9lkeresztben?, II. helyezett (Dr. Anderle \u00c1d\u00e1m)<\/td>\n<\/tr>\n<tr>\n<td width=\"59\">2009<\/td>\n<td width=\"116\">Hajnal Edina<\/td>\n<td width=\"391\">A l\u00e1thatatlan \u00edr\u00f3 (Dr. Csik\u00f3s Zsuzsanna)<\/td>\n<\/tr>\n<tr>\n<td width=\"59\">2009<\/td>\n<td width=\"116\">Kisp\u00e9ter M\u00f3nika<\/td>\n<td width=\"391\">Az -nr- \u00e9s -lr- m\u00e1ssalhangz\u00f3 csoportok a spanyol j\u00f6v\u0151 id\u0151ben \u00e9s felt\u00e9teles m\u00f3dban, III. helyezett (Dr. Berta Tibor)<\/td>\n<\/tr>\n<tr>\n<td width=\"59\">2009<\/td>\n<td width=\"116\">Szalai \u00c9va<\/td>\n<td width=\"391\">Velasco Alvarado korm\u00e1ny\u00e1nak k\u00fclpolitik\u00e1ja, Peru, 1968-75,\u00a0 k\u00fcl\u00f6nd\u00edj (Dr. Anderle \u00c1d\u00e1m)<\/td>\n<\/tr>\n<tr>\n<td width=\"59\"><\/td>\n<td width=\"116\"><\/td>\n<td width=\"391\"><\/td>\n<\/tr>\n<tr>\n<td width=\"59\">2011<\/td>\n<td width=\"116\">Hajd\u00fa Bernadett<\/td>\n<td width=\"391\">Nemzeti sztereot\u00edpi\u00e1k \u00e9s motiv\u00e1ci\u00f3. Megjegyz\u00e9sek a spanyol nyelvoktat\u00e1s n\u00e9h\u00e1ny aspektus\u00e1r\u00f3l (Dr. Berta Tibor)<\/td>\n<\/tr>\n<tr>\n<td width=\"59\">2011<\/td>\n<td width=\"116\">Kulcs\u00e1r Anita<\/td>\n<td width=\"391\">Washington Irving, az angol-amerikai hispanizmus el\u0151fut\u00e1ra (Dr. T\u00f3th \u00c1gnes)<\/td>\n<\/tr>\n<tr>\n<td width=\"59\">2011<\/td>\n<td width=\"116\">Laboncz Zsuzsa<\/td>\n<td width=\"391\">Az \u00f6nazonoss\u00e1g k\u00e9rd\u00e9se Barsy K\u00e1lm\u00e1n narrat\u00edv\u00e1j\u00e1ban (Dr. Csik\u00f3s Zsuzsanna)<\/td>\n<\/tr>\n<tr>\n<td width=\"59\">2011<\/td>\n<td width=\"116\">Ol\u00e1h Andrea<\/td>\n<td width=\"391\">\u201eA m\u00e1sik j\u00f3 szomsz\u00e9d\u201d \u2013 Kuba \u00e9s Kanada kapcsolata (Dr. Anderle \u00c1d\u00e1m)<\/td>\n<\/tr>\n<tr>\n<td width=\"59\">2011<\/td>\n<td width=\"116\">Nyaka Di\u00e1na<\/td>\n<td width=\"391\">Az olasz \u00e9s spanyol k\u00f6t\u0151m\u00f3d haszn\u00e1lat\u00e1nak \u00f6sszevet\u00e9se n\u00e9h\u00e1ny le\u00edr\u00f3 nyelvtan \u00e9s nyelvk\u00f6nyv alapj\u00e1n (Dr. Koll\u00e1r Andrea)<\/td>\n<\/tr>\n<tr>\n<td width=\"59\"><\/td>\n<td width=\"116\"><\/td>\n<td width=\"391\"><\/td>\n<\/tr>\n<tr>\n<td width=\"59\">2013<\/td>\n<td width=\"116\">Hajzer Gerg\u0151<\/td>\n<td width=\"391\">Anglicizmusok a spanyol nyelvtanban (Dr. Berta Tibor)<\/td>\n<\/tr>\n<tr>\n<td width=\"59\">2013<\/td>\n<td width=\"116\">M\u00e9sz\u00e1ros Enik\u0151<\/td>\n<td width=\"391\">A z\u00f6ld poklon kereszt\u00fcl (Dr. Csik\u00f3s Zsuzsanna)<\/td>\n<\/tr>\n<tr>\n<td width=\"59\">2013<\/td>\n<td width=\"116\">R\u00e1cz Anita<\/td>\n<td width=\"391\">A funkci\u00f3ig\u00e9s szerkezetek n\u00e9met-spanyol kontraszt\u00edv vizsg\u00e1lata (Dr. Scheibl Gy\u00f6rgy)<\/td>\n<\/tr>\n<tr>\n<td width=\"59\"><\/td>\n<td width=\"116\"><\/td>\n<td width=\"391\"><\/td>\n<\/tr>\n<tr>\n<td width=\"59\">2015<\/td>\n<td width=\"116\">Cs\u00e1sz\u00e1r Karen<\/td>\n<td width=\"391\">Gyilkos elm\u00e9k. \u00c9des Anna \u00e9s Pascual Duarte \u00f6sszehasonl\u00edt\u00e1sa (Dr. Katona Eszter)<\/td>\n<\/tr>\n<tr>\n<td width=\"59\"><\/td>\n<td width=\"116\"><\/td>\n<td width=\"391\"><\/td>\n<\/tr>\n<tr>\n<td width=\"59\">2017<\/td>\n<td width=\"116\">Csurg\u00f3 M\u00e1rta<\/td>\n<td width=\"391\">A n\u0151k nyelvi l\u00e1that\u00f3s\u00e1ga spanyol korpuszokon kereszt\u00fcl (Dr. Berta Tibor)<\/td>\n<\/tr>\n<tr>\n<td width=\"59\">2017<\/td>\n<td width=\"116\">Gardi M\u00e1t\u00e9<\/td>\n<td width=\"391\">Nagy T\u00f6h\u00f6t\u00f6m szoci\u00e1lis munk\u00e1ss\u00e1ga Argent\u00edn\u00e1ban (Dr. L\u00e9n\u00e1rt Andr\u00e1s)<\/td>\n<\/tr>\n<tr>\n<td width=\"59\">2017<\/td>\n<td width=\"116\">Jernei Gabriella<\/td>\n<td width=\"391\">Spanyol-baszk nyelvi interferencia (Dr. Berta Tibor)<\/td>\n<\/tr>\n<tr>\n<td width=\"59\">2017<\/td>\n<td width=\"116\">Majoros Csilla<\/td>\n<td width=\"391\">A magyar igek\u00f6t\u0151k kifejez\u00e9se a spanyol nyelvben a n\u00e9z (ver, mirar) ig\u00e9n kereszt\u00fcl (Dr. Berta Tibor)<\/td>\n<\/tr>\n<tr>\n<td width=\"59\">2017<\/td>\n<td width=\"116\">Z\u00e1dori Ram\u00f3na<\/td>\n<td width=\"391\">Aki az egyik oldalon terrorista, az a m\u00e1sikon szabads\u00e1gharcos. A Zapatista Nemzeti Felszabad\u00edt\u00f3 Hadsereg tev\u00e9kenys\u00e9ge a sajt\u00f3ban (Dr. Jancs\u00f3 Katalin)<\/td>\n<\/tr>\n<tr>\n<td width=\"59\"><\/td>\n<td width=\"116\"><\/td>\n<td width=\"391\"><\/td>\n<\/tr>\n<tr>\n<td width=\"59\">2019<\/td>\n<td width=\"116\">Varga T\u00edmea<\/td>\n<td width=\"391\">K\u00fcl\u00f6nbs\u00e9gek az anglicizmusok haszn\u00e1lat\u00e1ban Mexik\u00f3 \u00e9szaki \u00e9s d\u00e9li t\u00e9rs\u00e9gei k\u00f6z\u00f6tt, k\u00fcl\u00f6nd\u00edj (Dr. Berta Tibor)<\/td>\n<\/tr>\n<tr>\n<td width=\"59\"><\/td>\n<td width=\"116\"><\/td>\n<td width=\"391\"><\/td>\n<\/tr>\n<tr>\n<td width=\"59\">2021<\/td>\n<td width=\"116\">Patk\u00f3s Bence<\/td>\n<td width=\"391\">\u201eA rabszolgasorsba tasz\u00edtott Magyarorsz\u00e1g.\u201d Az 1956-os forradalom k\u00e9pe a spanyol filmh\u00edrad\u00f3ban, I. helyezett (Dr. L\u00e9n\u00e1rt Andr\u00e1s)<\/td>\n<\/tr>\n<\/tbody>\n<\/table>\n<p>Phd k\u00e9pz\u00e9s<\/p>\n","protected":false},"excerpt":{"rendered":"<p>A Hispanisztika Tansz\u00e9k Tudom\u00e1nyos Di\u00e1kk\u00f6ri tev\u00e9kenys\u00e9ge Tansz\u00e9k\u00fcnk megalakul\u00e1sa \u00f3ta nagy hangs\u00falyt helyez a tehets\u00e9ges di\u00e1kok t\u00e1mogat\u00e1s\u00e1ra, kutat\u00e1saik b\u00e1tor\u00edt\u00e1s\u00e1ra. Ennek egyik sz\u00edntere a Tudom\u00e1nyos Di\u00e1kk\u00f6ri tev\u00e9kenys\u00e9g, melyen hallgat\u00f3ink 1997 \u00f3ta k\u00e9pviselik egyetem\u00fcnket \u00e9s sz\u00e1mot adnak a tansz\u00e9k\u00fcnk\u00f6n foly\u00f3 kutat\u00f3munka eredm\u00e9nyeir\u0151l. Az <a href=\"https:\/\/hispanisztikaszeged.hu\/?page_id=157\" class=\"read-more\">Read More &#8230;<\/a><\/p>\n","protected":false},"author":3,"featured_media":0,"parent":16,"menu_order":0,"comment_status":"closed","ping_status":"closed","template":"","meta":{"footnotes":""},"class_list":["post-157","page","type-page","status-publish","hentry"],"_links":{"self":[{"href":"https:\/\/hispanisztikaszeged.hu\/index.php?rest_route=\/wp\/v2\/pages\/157","targetHints":{"allow":["GET"]}}],"collection":[{"href":"https:\/\/hispanisztikaszeged.hu\/index.php?rest_route=\/wp\/v2\/pages"}],"about":[{"href":"https:\/\/hispanisztikaszeged.hu\/index.php?rest_route=\/wp\/v2\/types\/page"}],"author":[{"embeddable":true,"href":"https:\/\/hispanisztikaszeged.hu\/index.php?rest_route=\/wp\/v2\/users\/3"}],"replies":[{"embeddable":true,"href":"https:\/\/hispanisztikaszeged.hu\/index.php?rest_route=%2Fwp%2Fv2%2Fcomments&post=157"}],"version-history":[{"count":4,"href":"https:\/\/hispanisztikaszeged.hu\/index.php?rest_route=\/wp\/v2\/pages\/157\/revisions"}],"predecessor-version":[{"id":2105,"href":"https:\/\/hispanisztikaszeged.hu\/index.php?rest_route=\/wp\/v2\/pages\/157\/revisions\/2105"}],"up":[{"embeddable":true,"href":"https:\/\/hispanisztikaszeged.hu\/index.php?rest_route=\/wp\/v2\/pages\/16"}],"wp:attachment":[{"href":"https:\/\/hispanisztikaszeged.hu\/index.php?rest_route=%2Fwp%2Fv2%2Fmedia&parent=157"}],"curies":[{"name":"wp","href":"https:\/\/api.w.org\/{rel}","templated":true}]}}